{"id":13117,"date":"2023-02-01T17:44:09","date_gmt":"2023-02-01T16:44:09","guid":{"rendered":"https:\/\/www.belleprovenceminibusdeluxe.com\/?page_id=13117"},"modified":"2025-10-29T21:59:43","modified_gmt":"2025-10-29T20:59:43","slug":"reserve-a-chauffeur-driven-car","status":"publish","type":"page","link":"https:\/\/www.belleprovenceminibusdeluxe.com\/en\/reserve-a-chauffeur-driven-car\/","title":{"rendered":"Transport provided"},"content":{"rendered":"<p>[et_pb_section fb_built=\u00a0\u00bb1&Prime; admin_label=\u00a0\u00bbHeader\u00a0\u00bb _builder_version=\u00a0\u00bb4.27.2&Prime; _module_preset=\u00a0\u00bbdefault\u00a0\u00bb use_background_color_gradient=\u00a0\u00bbon\u00a0\u00bb background_color_gradient_stops=\u00a0\u00bbgcid-02132a14-0aa3-45af-abdc-389c29b58c23 20%|rgba(38,54,78,0.7) 100%\u00a0\u00bb background_color_gradient_overlays_image=\u00a0\u00bbon\u00a0\u00bb background_image=\u00a0\u00bbhttps:\/\/www.belleprovenceminibusdeluxe.com\/wp-content\/uploads\/2021\/11\/\u00a9-MuCEM-Photo-Diego-Ravier-R.-Ricciotti-et-R.-Carta-architectes-4-300&#215;200.jpg\u00a0\u00bb background_position=\u00a0\u00bbtop_center\u00a0\u00bb custom_padding=\u00a0\u00bb12%||12%||true|false\u00a0\u00bb collapsed=\u00a0\u00bbon\u00a0\u00bb global_colors_info=\u00a0\u00bb{%22gcid-02132a14-0aa3-45af-abdc-389c29b58c23%22:%91%22background_color%22%93}\u00a0\u00bb][et_pb_row _builder_version=\u00a0\u00bb4.18.0&Prime; _module_preset=\u00a0\u00bbdefault\u00a0\u00bb global_colors_info=\u00a0\u00bb{}\u00a0\u00bb][et_pb_column type=\u00a0\u00bb4_4&Prime; _builder_version=\u00a0\u00bb4.18.0&Prime; _module_preset=\u00a0\u00bbdefault\u00a0\u00bb global_colors_info=\u00a0\u00bb{}\u00a0\u00bb][et_pb_text _builder_version=\u00a0\u00bb4.27.4&Prime; _module_preset=\u00a0\u00bbc16985e1-e0d6-4022-964d-e2bfc04fa633&Prime; header_font=\u00a0\u00bb||||||||\u00a0\u00bb header_text_align=\u00a0\u00bbleft\u00a0\u00bb header_font_size=\u00a0\u00bb40px\u00a0\u00bb header_2_font=\u00a0\u00bb&#8211;et_global_heading_font||||||||\u00a0\u00bb header_2_text_align=\u00a0\u00bbleft\u00a0\u00bb header_2_font_size=\u00a0\u00bb20px\u00a0\u00bb header_2_letter_spacing=\u00a0\u00bb6px\u00a0\u00bb header_2_line_height=\u00a0\u00bb1.4em\u00a0\u00bb background_layout=\u00a0\u00bbdark\u00a0\u00bb custom_margin_tablet=\u00a0\u00bb\u00a0\u00bb custom_margin_phone=\u00a0\u00bb30px||10px||false|false\u00a0\u00bb custom_margin_last_edited=\u00a0\u00bbon|phone\u00a0\u00bb hover_enabled=\u00a0\u00bb0&Prime; header_font_size_tablet=\u00a0\u00bb20px\u00a0\u00bb header_font_size_phone=\u00a0\u00bb18px\u00a0\u00bb header_font_size_last_edited=\u00a0\u00bbon|phone\u00a0\u00bb global_colors_info=\u00a0\u00bb{}\u00a0\u00bb sticky_enabled=\u00a0\u00bb0&Prime;]<\/p>\n<h1>Book your chauffeur-driven car<\/h1>\n<h2>Car hire with private chauffeur for a few hours or a few days in Marseille and Provence<\/h2>\n<p>[\/et_pb_text][et_pb_button button_url=\"tel:+33491337409\u2033 button_text=\"+33 (0) 491 337 409\u2033 _builder_version=\"4.27.2\u2033 _module_preset=\"31b4f027-aaa0-4f2f-ae02-959764e19e4f \" custom_button=\"on \" button_text_color=\"#FFFFFF \" button_bg_color=\"#d0a73f \" button_border_width=\"0px \" button_border_radius=\"0px \" button_font=\"Poppins|500||||||| \" custom_padding=\"12px|30px|12px|30px|true|true \" button_text_size_tablet=\"18px \" button_text_size_phone=\"16px \" button_text_size_last_edited=\"on|phone \" global_colors_info=\"{}\"][\/et_pb_button][\/et_pb_column][\/et_pb_row][\/et_pb_section][et_pb_section fb_built=\"1\u2033 _builder_version=\"4.27.2\u2033 _module_preset=\"default \" background_color=\"#FBF5EC \" global_colors_info=\"{} \"][et_pb_row _builder_version=\"4.27.2\u2033 _module_preset=\"default \" global_colors_info=\"{} \"][et_pb_column type=\"4_4\u2033 _builder_version=\"4.27.2\u2033 _module_preset=\"default \" global_colors_info=\"{} \"][et_pb_text _builder_version=\"4.27.4\u2033 _module_preset=\"1f09816e-184e-4ce5-a4cf-b39c52c423ca \" text_font=\"-et_global_body_font|||||||| \" text_font_size=\"16px \" text_line_height=\"1.75em \" header_3_font=\"|||||||| \" header_3_text_align=\"center \" header_3_font_size=\"20px \" header_3_line_height=\"1.5em \" text_orientation=\"left \" text_font_size_tablet=\"15px \" text_font_size_phone=\"14px \" text_font_size_last_edited=\"on|phone \" header_font_size_tablet=\"55px \" header_font_size_last_edited=\"off|desktop \" global_colors_info=\"{}\"]<\/p>\n<p data-pm-slice=\"1 1 []\"><span>You wish to <\/span><span><strong>book a car with a private driver<\/strong><\/span><span> for a <\/span><span><strong>business travel<\/strong><\/span><span>a <\/span><span><strong>tourist stay<\/strong><\/span><span> or a <\/span><span><strong>special event<\/strong><\/span><span> ? <\/span><span><strong>Belle Provence Minibus Deluxe<\/strong><\/span><span> offers you a top-of-the-range transport service tailored to your every need, with or without a fixed itinerary.<\/span><\/p>\n<p><span>Our professional, discreet and multilingual chauffeurs will accompany you in complete safety throughout the Provence-Alpes-C\u00f4te d'Azur region and beyond. Book for <\/span><span><strong>a few hours<\/strong><\/span><span>, <\/span><span><strong>half a day<\/strong><\/span><span>, <\/span><span><strong>several days<\/strong><\/span><span> or even for a <\/span><span><strong>tailor-made tour<\/strong><\/span><span>.<\/span><\/p>\n<p>[\/et_pb_text][\/et_pb_column][\/et_pb_row][\/et_pb_section][et_pb_section fb_built=\u00a0\u00bb1&Prime; admin_label=\u00a0\u00bbCall to Action\u00a0\u00bb _builder_version=\u00a0\u00bb4.18.0&Prime; _module_preset=\u00a0\u00bbdefault\u00a0\u00bb locked=\u00a0\u00bboff\u00a0\u00bb collapsed=\u00a0\u00bbon\u00a0\u00bb global_colors_info=\u00a0\u00bb{}\u00a0\u00bb][et_pb_row use_custom_gutter=\u00a0\u00bbon\u00a0\u00bb gutter_width=\u00a0\u00bb2&Prime; make_equal=\u00a0\u00bbon\u00a0\u00bb _builder_version=\u00a0\u00bb4.27.2&Prime; _module_preset=\u00a0\u00bbdefault\u00a0\u00bb global_colors_info=\u00a0\u00bb{}\u00a0\u00bb][et_pb_column type=\u00a0\u00bb4_4&Prime; _builder_version=\u00a0\u00bb4.18.0&Prime; _module_preset=\u00a0\u00bbdefault\u00a0\u00bb custom_padding=\u00a0\u00bb8%||8%||true|false\u00a0\u00bb border_color_all=\u00a0\u00bbgcid-e010f2a6-5bcc-4cbf-902a-b2f60822625a\u00a0\u00bb border_width_top=\u00a0\u00bb2px\u00a0\u00bb border_width_bottom=\u00a0\u00bb2px\u00a0\u00bb global_colors_info=\u00a0\u00bb{%22gcid-e010f2a6-5bcc-4cbf-902a-b2f60822625a%22:%91%22border_color_all%22%93}\u00a0\u00bb][et_pb_text _builder_version=\u00a0\u00bb4.27.4&Prime; _module_preset=\u00a0\u00bbb327cbe4-b1d5-4b66-ad37-40c8f2f061ba\u00a0\u00bb header_2_text_align=\u00a0\u00bbcenter\u00a0\u00bb header_2_text_color=\u00a0\u00bbgcid-e010f2a6-5bcc-4cbf-902a-b2f60822625a\u00a0\u00bb header_2_font_size=\u00a0\u00bb52px\u00a0\u00bb text_orientation=\u00a0\u00bbleft\u00a0\u00bb header_2_font_size_tablet=\u00a0\u00bb32px\u00a0\u00bb global_colors_info=\u00a0\u00bb{%22gcid-e010f2a6-5bcc-4cbf-902a-b2f60822625a%22:%91%22header_2_text_color%22%93}\u00a0\u00bb]<\/p>\n<h2 data-pm-slice=\"1 1 []\"><span>A tailor-made, flexible and scalable booking formula<\/span><\/h2>\n<p><span>Do you have a specific need? We will draw up a <\/span><span><strong>personalised quote<\/strong><\/span><span> according to your requirements, whether for <\/span><span><strong>leisure tourism<\/strong><\/span><span>the <\/span><span><strong>business transport<\/strong><\/span><span>a <\/span><span><strong>seminar<\/strong><\/span><span> or a <\/span><span><strong>private event<\/strong><\/span><span>.<\/span><\/p>\n<p><span>All combinations are possible. You can book a driver for :<\/span><\/p>\n<ul data-spread=\"false\">\n<li><span>One or more transfers on request<\/span><\/li>\n<li><span>Unlimited availability<\/span><\/li>\n<li><span>One day or a multi-day tour<\/span><\/li>\n<\/ul>\n<p><span>Our drivers carry out <\/span><span><strong>personalised greetings<\/strong><\/span><span> at Marseille Provence airport or any other meeting point. You, your staff or your customers will be looked after with the utmost care.<\/span><\/p>\n<p>[\/et_pb_text][\/et_pb_column][\/et_pb_row][et_pb_row column_structure=\u00a0\u00bb1_2,1_2&Prime; use_custom_gutter=\u00a0\u00bbon\u00a0\u00bb gutter_width=\u00a0\u00bb2&Prime; make_equal=\u00a0\u00bbon\u00a0\u00bb _builder_version=\u00a0\u00bb4.27.2&Prime; _module_preset=\u00a0\u00bbdefault\u00a0\u00bb global_colors_info=\u00a0\u00bb{}\u00a0\u00bb][et_pb_column type=\u00a0\u00bb1_2&Prime; _builder_version=\u00a0\u00bb4.18.0&Prime; _module_preset=\u00a0\u00bbdefault\u00a0\u00bb custom_padding=\u00a0\u00bb8%||8%||true|false\u00a0\u00bb border_color_all=\u00a0\u00bbgcid-e010f2a6-5bcc-4cbf-902a-b2f60822625a\u00a0\u00bb border_width_top=\u00a0\u00bb2px\u00a0\u00bb border_width_bottom=\u00a0\u00bb2px\u00a0\u00bb global_colors_info=\u00a0\u00bb{%22gcid-e010f2a6-5bcc-4cbf-902a-b2f60822625a%22:%91%22border_color_all%22%93}\u00a0\u00bb][et_pb_text _builder_version=\u00a0\u00bb4.27.4&Prime; _module_preset=\u00a0\u00bbb327cbe4-b1d5-4b66-ad37-40c8f2f061ba\u00a0\u00bb ul_text_align=\u00a0\u00bbleft\u00a0\u00bb header_2_font=\u00a0\u00bb&#8211;et_global_heading_font||||||||\u00a0\u00bb header_2_text_color=\u00a0\u00bbgcid-e010f2a6-5bcc-4cbf-902a-b2f60822625a\u00a0\u00bb header_2_font_size=\u00a0\u00bb30px\u00a0\u00bb header_3_font_size=\u00a0\u00bb18px\u00a0\u00bb header_3_line_height=\u00a0\u00bb1.5em\u00a0\u00bb header_2_font_size_tablet=\u00a0\u00bb32px\u00a0\u00bb global_colors_info=\u00a0\u00bb{%22gcid-e010f2a6-5bcc-4cbf-902a-b2f60822625a%22:%91%22header_2_text_color%22%93}\u00a0\u00bb]<\/p>\n<h2 data-pm-slice=\"1 1 []\"><span>Business facilities: efficiency and comfort<\/span><\/h2>\n<p><span>Our <\/span><span><strong>available to professionals<\/strong><\/span><span> are aimed at companies, speakers, VIPs and business travel agencies. We transport you in standard vehicles, <\/span><span><strong>business class<\/strong><\/span><span> or <\/span><span><strong>top of the range<\/strong><\/span><span>with a <\/span><span><strong>English-speaking or multilingual driver<\/strong><\/span><span>.<\/span><\/p>\n<p><span>Your <\/span><span><strong>single point of contact<\/strong><\/span><span> takes care of everything:<\/span><\/p>\n<ul data-spread=\"false\">\n<li>\n<p><span>Transport organisation<\/span><\/p>\n<\/li>\n<li>\n<p><span>Optimising your business trips<\/span><\/p>\n<\/li>\n<li>\n<p><span>Tailor-made programme proposals<\/span><\/p>\n<\/li>\n<\/ul>\n<p><span>We can also take care of <\/span><span><strong>additional activities<\/strong><\/span><span> : restaurant bookings, excursions, visits, boat trips, etc. Our aim: to offer you a <\/span><span><strong>personalised luxury transport<\/strong><\/span><span>efficient and stress-free.<\/span><\/p>\n<p>[\/et_pb_text][\/et_pb_column][et_pb_column type=\u00a0\u00bb1_2&Prime; _builder_version=\u00a0\u00bb4.27.2&Prime; _module_preset=\u00a0\u00bbdefault\u00a0\u00bb background_image=\u00a0\u00bbhttps:\/\/www.belleprovenceminibusdeluxe.com\/wp-content\/uploads\/2023\/02\/Enseigne-cote-piste-recadre-hauteur11.jpg\u00a0\u00bb global_colors_info=\u00a0\u00bb{}\u00a0\u00bb][et_pb_divider show_divider=\u00a0\u00bboff\u00a0\u00bb _builder_version=\u00a0\u00bb4.18.0&Prime; _module_preset=\u00a0\u00bbdefault\u00a0\u00bb height_tablet=\u00a0\u00bb40vw\u00a0\u00bb height_phone=\u00a0\u00bb40vw\u00a0\u00bb height_last_edited=\u00a0\u00bbon|desktop\u00a0\u00bb global_colors_info=\u00a0\u00bb{}\u00a0\u00bb][\/et_pb_divider][\/et_pb_column][\/et_pb_row][et_pb_row column_structure=\u00a0\u00bb1_2,1_2&Prime; use_custom_gutter=\u00a0\u00bbon\u00a0\u00bb gutter_width=\u00a0\u00bb2&Prime; make_equal=\u00a0\u00bbon\u00a0\u00bb _builder_version=\u00a0\u00bb4.27.2&Prime; _module_preset=\u00a0\u00bbdefault\u00a0\u00bb global_colors_info=\u00a0\u00bb{}\u00a0\u00bb][et_pb_column type=\u00a0\u00bb1_2&Prime; _builder_version=\u00a0\u00bb4.27.2&Prime; _module_preset=\u00a0\u00bbdefault\u00a0\u00bb background_enable_image=\u00a0\u00bboff\u00a0\u00bb global_colors_info=\u00a0\u00bb{}\u00a0\u00bb][et_pb_divider show_divider=\u00a0\u00bboff\u00a0\u00bb _builder_version=\u00a0\u00bb4.18.0&Prime; _module_preset=\u00a0\u00bbdefault\u00a0\u00bb height_tablet=\u00a0\u00bb40vw\u00a0\u00bb height_phone=\u00a0\u00bb40vw\u00a0\u00bb height_last_edited=\u00a0\u00bbon|desktop\u00a0\u00bb global_colors_info=\u00a0\u00bb{}\u00a0\u00bb][\/et_pb_divider][et_pb_gallery gallery_ids=\u00a0\u00bb22359,22358,22356,22355,22354,22353,22352,22351,22350,22349,22348,22336,22338,22342,22335&Prime; fullwidth=\u00a0\u00bbon\u00a0\u00bb _builder_version=\u00a0\u00bb4.27.2&Prime; _module_preset=\u00a0\u00bbdefault\u00a0\u00bb height=\u00a0\u00bb100%\u00a0\u00bb auto=\u00a0\u00bbon\u00a0\u00bb auto_speed=\u00a0\u00bb5000&Prime; custom_css_free_form=\u00a0\u00bbselector img {||  width: 100% !important;||  height: 100% !important;||  object-fit: cover;||}||||selector .et_pb_gallery,||selector .et_pb_gallery_items,||selector .et_pb_gallery_item,||selector .et_pb_gallery_image {||  height: 100% !important;||}\u00a0\u00bb global_colors_info=\u00a0\u00bb{}\u00a0\u00bb][\/et_pb_gallery][\/et_pb_column][et_pb_column type=\u00a0\u00bb1_2&Prime; _builder_version=\u00a0\u00bb4.18.0&Prime; _module_preset=\u00a0\u00bbdefault\u00a0\u00bb custom_padding=\u00a0\u00bb8%||8%||true|false\u00a0\u00bb border_color_all=\u00a0\u00bbgcid-e010f2a6-5bcc-4cbf-902a-b2f60822625a\u00a0\u00bb border_width_top=\u00a0\u00bb2px\u00a0\u00bb border_width_bottom=\u00a0\u00bb2px\u00a0\u00bb global_colors_info=\u00a0\u00bb{%22gcid-e010f2a6-5bcc-4cbf-902a-b2f60822625a%22:%91%22border_color_all%22%93}\u00a0\u00bb][et_pb_text _builder_version=\u00a0\u00bb4.27.4&Prime; _module_preset=\u00a0\u00bbb327cbe4-b1d5-4b66-ad37-40c8f2f061ba\u00a0\u00bb header_2_font=\u00a0\u00bb&#8211;et_global_heading_font||||||||\u00a0\u00bb header_2_text_color=\u00a0\u00bbgcid-e010f2a6-5bcc-4cbf-902a-b2f60822625a\u00a0\u00bb header_2_font_size=\u00a0\u00bb30px\u00a0\u00bb header_3_font_size=\u00a0\u00bb18px\u00a0\u00bb header_3_line_height=\u00a0\u00bb1.4em\u00a0\u00bb header_2_font_size_tablet=\u00a0\u00bb32px\u00a0\u00bb global_colors_info=\u00a0\u00bb{%22gcid-e010f2a6-5bcc-4cbf-902a-b2f60822625a%22:%91%22header_2_text_color%22%93}\u00a0\u00bb]<\/p>\n<h2 data-pm-slice=\"1 1 []\"><span>Available for a tourist excursion<\/span><\/h2>\n<p><span>You are planning a <\/span><span><strong>getaway in Provence<\/strong><\/span><span> ? Our<\/span><span><strong>private excursion with driver<\/strong><\/span><span> The \"Day out\" option allows you to spend a day or more exploring the region's must-see sites from your hotel.<\/span><\/p>\n<p><span>You will be accompanied by a <\/span><span><strong>driver-guide<\/strong><\/span><span> or a <\/span><span><strong>private escort<\/strong><\/span><span> which will take you on an authentic day out, punctuated by cultural and gastronomic discoveries. Ideal for families, couples or groups of friends looking for an unforgettable experience. <\/span><span><strong>made-to-measure travel<\/strong><\/span><span>.<\/span><\/p>\n<h2 data-pm-slice=\"1 1 []\"><span><br \/>Availability for a tour<\/span><\/h2>\n<p><span>Looking for a <\/span><span><strong>road trip in Provence<\/strong><\/span><span> with friends or family? With our hire service for <\/span><span><strong>personalised circuit<\/strong><\/span><span>You'll travel in comfort from city to city, with your own chauffeur.<\/span><\/p>\n<p><span>From <\/span><span><strong>Marseille to Avignon<\/strong><\/span><span>the <\/span><span><strong>Luberon to Verdon<\/strong><\/span><span>We'll organise your itinerary according to your wishes. Each night you will stay in a different hotel, which we can book for you at very competitive rates. <\/span><span><strong>negotiated rates<\/strong><\/span><span>.<\/span><\/p>\n<p><span>Enjoy a real <\/span><span><strong>top-of-the-range touring holidays<\/strong><\/span><span>You don't have to worry about logistics.<\/span><\/p>\n<p>[\/et_pb_text][\/et_pb_column][\/et_pb_row][et_pb_row column_structure=\u00a0\u00bb1_2,1_2&Prime; use_custom_gutter=\u00a0\u00bbon\u00a0\u00bb gutter_width=\u00a0\u00bb2&Prime; make_equal=\u00a0\u00bbon\u00a0\u00bb _builder_version=\u00a0\u00bb4.27.2&Prime; _module_preset=\u00a0\u00bbdefault\u00a0\u00bb global_colors_info=\u00a0\u00bb{}\u00a0\u00bb][et_pb_column type=\u00a0\u00bb1_2&Prime; _builder_version=\u00a0\u00bb4.18.0&Prime; _module_preset=\u00a0\u00bbdefault\u00a0\u00bb custom_padding=\u00a0\u00bb8%||8%||true|false\u00a0\u00bb border_color_all=\u00a0\u00bbgcid-e010f2a6-5bcc-4cbf-902a-b2f60822625a\u00a0\u00bb border_width_top=\u00a0\u00bb2px\u00a0\u00bb border_width_bottom=\u00a0\u00bb2px\u00a0\u00bb global_colors_info=\u00a0\u00bb{%22gcid-e010f2a6-5bcc-4cbf-902a-b2f60822625a%22:%91%22border_color_all%22%93}\u00a0\u00bb][et_pb_text _builder_version=\u00a0\u00bb4.27.4&Prime; _module_preset=\u00a0\u00bbb327cbe4-b1d5-4b66-ad37-40c8f2f061ba\u00a0\u00bb ul_text_align=\u00a0\u00bbleft\u00a0\u00bb header_2_font=\u00a0\u00bb&#8211;et_global_heading_font||||||||\u00a0\u00bb header_2_text_color=\u00a0\u00bbgcid-e010f2a6-5bcc-4cbf-902a-b2f60822625a\u00a0\u00bb header_2_font_size=\u00a0\u00bb30px\u00a0\u00bb header_3_font_size=\u00a0\u00bb18px\u00a0\u00bb header_3_line_height=\u00a0\u00bb1.4em\u00a0\u00bb global_colors_info=\u00a0\u00bb{%22gcid-e010f2a6-5bcc-4cbf-902a-b2f60822625a%22:%91%22header_2_text_color%22,%22header_2_text_color%22%93}\u00a0\u00bb]<\/p>\n<h2 data-pm-slice=\"1 1 []\"><span>Available for private or business events<\/span><\/h2>\n<p><span>You are organising a <\/span><span><strong>event in Marseille or Provence<\/strong><\/span><span> ? Belle Provence Minibus Deluxe becomes your <\/span><span><strong>transport logistics partner<\/strong><\/span><span>.<\/span><\/p>\n<p><span>We take care of transfers and provision for :<\/span><\/p>\n<ul data-spread=\"false\">\n<li>\n<p><span>Welcoming delegations and VIPs<\/span><\/p>\n<\/li>\n<li>\n<p><span>Airport arrivals for seminars and conferences<\/span><\/p>\n<\/li>\n<li>\n<p><span>Visits to industrial or production sites<\/span><\/p>\n<\/li>\n<li>\n<p><span>Corporate events, company anniversaries, photo shoots, roadshows<\/span><\/p>\n<\/li>\n<li>\n<p><span>Weddings, EVJFs, EVGs, private or cultural events<\/span><\/p>\n<\/li>\n<\/ul>\n<p><span>Our <\/span><span><strong>local expertise<\/strong><\/span><span>our <\/span><span><strong>local network<\/strong><\/span><span> and our <\/span><span><strong>event experience<\/strong><\/span><span> make us a true <\/span><span><strong>resource provider<\/strong><\/span><span> for your projects.<\/span><\/p>\n<p><span>Delegate your transport management: we can offer you a <\/span><span><strong>single point of contact<\/strong><\/span><span>from booking to coordination on the ground.<\/span><\/p>\n<p>[\/et_pb_text][\/et_pb_column][et_pb_column type=\u00a0\u00bb1_2&Prime; _builder_version=\u00a0\u00bb4.27.2&Prime; _module_preset=\u00a0\u00bbdefault\u00a0\u00bb background_image=\u00a0\u00bbhttps:\/\/www.belleprovenceminibusdeluxe.com\/wp-content\/uploads\/2025\/02\/Photo0095-Evenementiel-.jpg\u00a0\u00bb custom_padding=\u00a0\u00bb8%||8%||true|false\u00a0\u00bb border_color_all=\u00a0\u00bbgcid-e010f2a6-5bcc-4cbf-902a-b2f60822625a\u00a0\u00bb border_width_top=\u00a0\u00bb2px\u00a0\u00bb border_width_bottom=\u00a0\u00bb2px\u00a0\u00bb global_colors_info=\u00a0\u00bb{%22gcid-e010f2a6-5bcc-4cbf-902a-b2f60822625a%22:%91%22border_color_all%22%93}\u00a0\u00bb][\/et_pb_column][\/et_pb_row][et_pb_row column_structure=\u00a0\u00bb1_2,1_2&Prime; use_custom_gutter=\u00a0\u00bbon\u00a0\u00bb gutter_width=\u00a0\u00bb2&Prime; make_equal=\u00a0\u00bbon\u00a0\u00bb _builder_version=\u00a0\u00bb4.27.2&Prime; _module_preset=\u00a0\u00bbdefault\u00a0\u00bb global_colors_info=\u00a0\u00bb{}\u00a0\u00bb][et_pb_column type=\u00a0\u00bb1_2&Prime; _builder_version=\u00a0\u00bb4.27.2&Prime; _module_preset=\u00a0\u00bbdefault\u00a0\u00bb background_image=\u00a0\u00bbhttps:\/\/www.belleprovenceminibusdeluxe.com\/wp-content\/uploads\/2024\/04\/IMG-20240323-WA0009.jpg\u00a0\u00bb global_colors_info=\u00a0\u00bb{}\u00a0\u00bb][et_pb_divider show_divider=\u00a0\u00bboff\u00a0\u00bb _builder_version=\u00a0\u00bb4.18.0&Prime; _module_preset=\u00a0\u00bbdefault\u00a0\u00bb height_tablet=\u00a0\u00bb40vw\u00a0\u00bb height_phone=\u00a0\u00bb40vw\u00a0\u00bb height_last_edited=\u00a0\u00bbon|desktop\u00a0\u00bb global_colors_info=\u00a0\u00bb{}\u00a0\u00bb][\/et_pb_divider][\/et_pb_column][et_pb_column type=\u00a0\u00bb1_2&Prime; _builder_version=\u00a0\u00bb4.18.0&Prime; _module_preset=\u00a0\u00bbdefault\u00a0\u00bb custom_padding=\u00a0\u00bb8%||8%||true|false\u00a0\u00bb border_color_all=\u00a0\u00bbgcid-e010f2a6-5bcc-4cbf-902a-b2f60822625a\u00a0\u00bb border_width_top=\u00a0\u00bb2px\u00a0\u00bb border_width_bottom=\u00a0\u00bb2px\u00a0\u00bb global_colors_info=\u00a0\u00bb{%22gcid-e010f2a6-5bcc-4cbf-902a-b2f60822625a%22:%91%22border_color_all%22%93}\u00a0\u00bb][et_pb_text _builder_version=\u00a0\u00bb4.27.4&Prime; _module_preset=\u00a0\u00bbb327cbe4-b1d5-4b66-ad37-40c8f2f061ba\u00a0\u00bb header_2_font=\u00a0\u00bb&#8211;et_global_heading_font||||||||\u00a0\u00bb header_2_text_color=\u00a0\u00bbgcid-e010f2a6-5bcc-4cbf-902a-b2f60822625a\u00a0\u00bb header_2_font_size=\u00a0\u00bb30px\u00a0\u00bb header_3_font_size=\u00a0\u00bb18px\u00a0\u00bb header_3_line_height=\u00a0\u00bb1.5em\u00a0\u00bb header_2_font_size_tablet=\u00a0\u00bb32px\u00a0\u00bb global_colors_info=\u00a0\u00bb{%22gcid-e010f2a6-5bcc-4cbf-902a-b2f60822625a%22:%91%22header_2_text_color%22%93}\u00a0\u00bb]<\/p>\n<h2 data-pm-slice=\"1 1 []\"><span>Unusual anecdotes from our transport missions<\/span><\/h2>\n<p><span>In our business, we experience <\/span><span><strong>unique and often surprising moments<\/strong><\/span><span> ! Here are a few stories that illustrate our expertise and our passion for service.<\/span><\/p>\n<p><span><strong>Two Indian visitors to La Sainte Baume<\/strong><\/span><span> A couple invited by their host for a day out, one of them wanted to visit the Grotto of Saint Mary Magdalene in honour of his wife. Dressed in traditional turbans, they climbed the mountain with astonishing speed. The driver shared a frugal vegetarian meal with them at the foot of the Sainte-Baume.<\/span><\/p>\n<p><span><strong>A confidential visit to Miramas<\/strong><\/span><span> Before the Outlet Village was even created, we discreetly transported the British promoters of Mac Arthur Glen for a one-day study tour. Three vans, tight logistics and perfect timing.<\/span><\/p>\n<p><span><strong>Chinese journalists singing on the main road<\/strong><\/span><span> : At the end of the day, between Arles and Fos-sur-Mer, our driver enjoys a suspended moment: the whole crew spontaneously sings a traditional song in two voices. A poetic and unforgettable experience.<\/span><\/p>\n<p>[\/et_pb_text][\/et_pb_column][\/et_pb_row][\/et_pb_section][et_pb_section fb_built=\u00a0\u00bb1&Prime; admin_label=\u00a0\u00bbCall to Action\u00a0\u00bb _builder_version=\u00a0\u00bb4.18.0&Prime; _module_preset=\u00a0\u00bbdefault\u00a0\u00bb locked=\u00a0\u00bboff\u00a0\u00bb collapsed=\u00a0\u00bbon\u00a0\u00bb global_colors_info=\u00a0\u00bb{}\u00a0\u00bb][et_pb_row use_custom_gutter=\u00a0\u00bbon\u00a0\u00bb gutter_width=\u00a0\u00bb2&Prime; make_equal=\u00a0\u00bbon\u00a0\u00bb module_id=\u00a0\u00bbbloc-2&Prime; _builder_version=\u00a0\u00bb4.27.4&Prime; _module_preset=\u00a0\u00bbdefault\u00a0\u00bb global_colors_info=\u00a0\u00bb{}\u00a0\u00bb][et_pb_column type=\u00a0\u00bb4_4&Prime; _builder_version=\u00a0\u00bb4.18.0&Prime; _module_preset=\u00a0\u00bbdefault\u00a0\u00bb custom_padding=\u00a0\u00bb8%||8%||true|false\u00a0\u00bb border_color_all=\u00a0\u00bbgcid-e010f2a6-5bcc-4cbf-902a-b2f60822625a\u00a0\u00bb border_width_top=\u00a0\u00bb2px\u00a0\u00bb border_width_bottom=\u00a0\u00bb2px\u00a0\u00bb global_colors_info=\u00a0\u00bb{%22gcid-e010f2a6-5bcc-4cbf-902a-b2f60822625a%22:%91%22border_color_all%22%93}\u00a0\u00bb][et_pb_text _builder_version=\u00a0\u00bb4.27.4&Prime; _module_preset=\u00a0\u00bb1f09816e-184e-4ce5-a4cf-b39c52c423ca\u00a0\u00bb text_font=\u00a0\u00bbPoppins||||||||\u00a0\u00bb text_line_height=\u00a0\u00bb1.75em\u00a0\u00bb ul_text_align=\u00a0\u00bbleft\u00a0\u00bb text_font_size_tablet=\u00a0\u00bb15px\u00a0\u00bb text_font_size_phone=\u00a0\u00bb14px\u00a0\u00bb text_font_size_last_edited=\u00a0\u00bbon|phone\u00a0\u00bb header_font_size_tablet=\u00a0\u00bb55px\u00a0\u00bb header_font_size_last_edited=\u00a0\u00bboff|desktop\u00a0\u00bb global_colors_info=\u00a0\u00bb{}\u00a0\u00bb]<\/p>\n<h2 data-pm-slice=\"1 2 []\"><span>Book your chauffeur-driven car now<\/span><\/h2>\n<p><span>Leave nothing to chance when travelling in Provence. Whether it's a <\/span><span><strong>airport transfer<\/strong><\/span><span>a <\/span><span><strong>availability for business<\/strong><\/span><span>a <\/span><span><strong>sightseeing tour<\/strong><\/span><span> or a <\/span><span><strong>private tour<\/strong><\/span><span> : Belle Provence Minibus Deluxe guarantees you a service <\/span><span><strong>top of the range<\/strong><\/span><span>secure, flexible and customised.<\/span><\/p>\n<p><span>Contact us for a <\/span><span><strong>free customised quote<\/strong><\/span><span>. We can help you at every stage of your transport project.<\/span><\/p>\n<blockquote>\n<p><span><strong>Travel around Provence with a professional, responsive and experienced chauffeur.<\/strong><\/span><\/p>\n<\/blockquote>\n<p>[et_pb_text][et_pb_button button_url=\"@ET-DC@eyJkeW5hbWljIjp0cnVlLCJjb250ZW50IjoicG9zdF9saW5rX3VybF9wYWdlIiwic2V0dGluZ3MiOnsicG9zdF9pZCI6IjEzOTgxIn19@ \" button_text=\"Book your chauffeur-driven car\" button_alignment=\"center\" _builder_version=\"4.27.4\u2033 _dynamic_attributes=\"button_url \" _module_preset=\"db46e67d-9505-40bb-9ebd-8901bc8b3a95\u2033 custom_button=\"on \" button_text_color=\"#26364e \" button_bg_color=\"RGBA(255,255,255,0) \" button_border_width=\"0px \" button_border_radius=\"0px \" button_font=\"Poppins|500||||||| \" custom_padding=\"|0px||0px|false|true \" button_text_size_tablet=\"18px \" button_text_size_phone=\"16px \" button_text_size_last_edited= \"on|phone\" box_shadow_style=\"preset4\u2033 box_shadow_horizontal=\"0px\" box_shadow_vertical=\"2px\" box_shadow_color=\"#26364e\" locked=\"off\" global_colors_info=\"{}\"][\/et_pb_button][\/et_pb_column][\/et_pb_row][\/et_pb_section]<\/p>","protected":false},"excerpt":{"rendered":"<p>Book your chauffeur-driven car Car hire with private chauffeur for a few hours or a few days in Marseille and ProvenceYou would like to book a chauffeur-driven car for a business trip, a sightseeing trip or a special event? Belle Provence Minibus Deluxe offers you a top-quality chauffeur-driven transport service [...].<\/p>","protected":false},"author":1,"featured_media":7765,"parent":0,"menu_order":0,"comment_status":"closed","ping_status":"closed","template":"","meta":{"_seopress_robots_primary_cat":"","_seopress_titles_title":"R\u00e9server une voiture avec chauffeur | Marseille et Provence","_seopress_titles_desc":"R\u00e9servez votre voiture avec chauffeur priv\u00e9 \u00e0 Marseille, Aix-en-Provence et dans toute la r\u00e9gion. Transferts, excursions, circuits ou \u00e9v\u00e9nements","_seopress_robots_index":"","_et_pb_use_builder":"on","_et_pb_old_content":"<h3>Disponibilit\u00e9 | Flexibilit\u00e9 | Discr\u00e9tion  <\/h3>\t\t\n\t\t\t<h1>CHAUFFEUR  MIS A DISPOSITION <\/h1>\t\t\n\t\t\t<h6>A votre disposition avec plaisir !<\/h6>\t\t\n\t\t\t<h3>+33(0) 491 337 409 <\/h3>\t\t\n\t\t\t<h1> <br>R\u00e9servez un v\u00e9hicule avec chauffeur  <br>pour  quelques heures, 1\/2  journ\u00e9e, un ou plusieurs jours <br>pour du business et du tourisme de loisir, <br>un \u00e9v\u00e9nement prive ou professionnel <br> un Seminaire ou un congr\u00e8s<\/h1>\t\t\n\t\t\t<a href=\"https:\/\/www.belleprovenceminibusdeluxe.com\/contact-reservation\/\">\n\t\t\t\t\t<\/a>\n\t\t\t<h2>R\u00e9servation et Accueil Personnalis\u00e9s<\/h2>\t\t\n\t\t<p style=\"text-align: center;\"><strong>Toutes les combinaisons de r\u00e9servation sont possibles. Nous \u00e9laborons un devis sur mesure qui peut \u00eatre \u00e9volutif et modifi\u00e9.\u00a0<\/strong><\/p><p>Les chauffeurs de Belle Provence Minibus Deluxe effectuent des accueils personnalis\u00e9s \u00e0 l'a\u00e9roport Marseille Provence ou ailleurs. Ils vous transportent ainsi que vos clients et collaborateurs dans toute la R\u00e9gion Provence Alpes C\u00f4tes d'Azur et au del\u00e0.<\/p>\t\t\n\t\t\t<h2>Mise \u00e0 disposition pour Affaires<\/h2>\t\t\n\t\t<p>Nous assurons les services de Transferts et de Mise \u00e0 disposition\u00a0 pour Affaires avec chauffeurs anglophones et multilingues. Nous vous transportons dans \u00a0des v\u00e9hicules standards, \u00a0business class et haut de gamme , avec un accueil personnalis\u00e9 pour Affaires<\/p><p>Faites confiance au professionnalisme de Belle Provence Minibus Deluxe<br \/>Un interlocuteur privil\u00e9gi\u00e9, r\u00e9ellement soucieux de bien r\u00e9pondre \u00e0 votre demande de transport pour vos voyages d'Affaires individuels.<\/p><p><strong>Nous\u00a0 vous proposo<a style=\"background-color: #ffffff; color: #000000;\" href=\"https:\/\/www.belleprovenceminibusdeluxe.com\/contact-reservation\/\" target=\"_blank\" rel=\"noopener\">ns des devis personnalis\u00e9s\u00a0et ajust\u00e9s<\/a><\/strong><\/p>\t\t\n\t\t\t\t\t\t\t\t\t\t<figure>\n\t\t\t\t\t\t\t\t\t\t<img width=\"1754\" height=\"1024\" src=\"https:\/\/www.belleprovenceminibusdeluxe.com\/wp-content\/uploads\/2021\/11\/Enseigne-cote-piste-recadre-hauteur.jpg\" alt=\"A\u00e9roport de Marseille Provence.Photos d&#039;illustration.\u00a9 Claude Almodovar\" srcset=\"https:\/\/www.belleprovenceminibusdeluxe.com\/wp-content\/uploads\/2021\/11\/Enseigne-cote-piste-recadre-hauteur.jpg 1754w, https:\/\/www.belleprovenceminibusdeluxe.com\/wp-content\/uploads\/2021\/11\/Enseigne-cote-piste-recadre-hauteur-300x175.jpg 300w, https:\/\/www.belleprovenceminibusdeluxe.com\/wp-content\/uploads\/2021\/11\/Enseigne-cote-piste-recadre-hauteur-1024x598.jpg 1024w, https:\/\/www.belleprovenceminibusdeluxe.com\/wp-content\/uploads\/2021\/11\/Enseigne-cote-piste-recadre-hauteur-768x448.jpg 768w, https:\/\/www.belleprovenceminibusdeluxe.com\/wp-content\/uploads\/2021\/11\/Enseigne-cote-piste-recadre-hauteur-1536x897.jpg 1536w\" sizes=\"(max-width: 1754px) 100vw, 1754px\" \/>\t\t\t\t\t\t\t\t\t\t\t<figcaption>A\u00e9roport de Marseille Provence.\nPhotos d'illustration.\n\u00a9 Claude Almodovar<\/figcaption>\n\t\t\t\t\t\t\t\t\t\t<\/figure>\n\t\t\t\t\t\t\t\t\t\t<figure>\n\t\t\t\t\t\t\t\t\t\t<img width=\"1920\" height=\"2560\" src=\"https:\/\/www.belleprovenceminibusdeluxe.com\/wp-content\/uploads\/2021\/11\/IMG_3171-scaled.jpg\" alt=\"Devant l&#039;hotel Dolce Fregate Chauffeur Priv\u00e9 et mini van de luxe en Provence pour d\u00e9placement d&#039;&#039;Affaires\" srcset=\"https:\/\/www.belleprovenceminibusdeluxe.com\/wp-content\/uploads\/2021\/11\/IMG_3171-scaled.jpg 1920w, https:\/\/www.belleprovenceminibusdeluxe.com\/wp-content\/uploads\/2021\/11\/IMG_3171-225x300.jpg 225w, https:\/\/www.belleprovenceminibusdeluxe.com\/wp-content\/uploads\/2021\/11\/IMG_3171-768x1024.jpg 768w, https:\/\/www.belleprovenceminibusdeluxe.com\/wp-content\/uploads\/2021\/11\/IMG_3171-1152x1536.jpg 1152w, https:\/\/www.belleprovenceminibusdeluxe.com\/wp-content\/uploads\/2021\/11\/IMG_3171-1536x2048.jpg 1536w\" sizes=\"(max-width: 1920px) 100vw, 1920px\" \/>\t\t\t\t\t\t\t\t\t\t\t<figcaption>Devant l'hotel Dolce Fregate Chauffeur Priv\u00e9 et mini van de luxe en Provence pour d\u00e9placement d''Affaires<\/figcaption>\n\t\t\t\t\t\t\t\t\t\t<\/figure>\n\t\t\t<a href=\"\">\n\t\t\t\t\t\tDemandez un chauffeur\n\t\t\t\t\t<\/a>\n\t\t<p style=\"text-align: center;\">Pour une journ\u00e9e ou un tour de plusieurs jours nous vous proposons des programmes sur mesure\u00a0 que nous vous soumettons,\u00a0 nous pouvons effectuer des r\u00e9servations d'activit\u00e9s\u00a0 et nous vous sugg\u00e9rons des\u00a0 pour vous : balade en bateau priv\u00e9e, restaurants de bonne r\u00e9putation,\u00a0 visites de sites \u00e0 faire absolument , d\u00e9gustations, et bien d'autres activit\u00e9s. voir notre page excursions<\/p>\t\t\n\t\t\t<h2>Mise \u00e0 disposition pour une excursion <\/h2>\t\t\n\t\t<p>Pour une excursion ou un s\u00e9jour en Provence vous partez pour une belle \u00e9chapp\u00e9e\u00a0 \u00e0 la journ\u00e9e et vous rentrez dans votre h\u00f4tel de la ville o\u00f9 vous avez choisi de vous fixer durant votre s\u00e9jour. Vous partez avec votre chauffeur qui vous assiste,\u00a0 un chauffeur guide, un chauffeur accompagnateur, ou votre guide personnalis\u00e9\u00a0<\/p><p>\u00a0<\/p>\t\t\n\t\t\t<h2>Mise \u00e0 disposition pour un circuit<\/h2>\t\t\n\t\t<p>\u00a0Pour un circuit vous partez\u00a0 faire un road trip en Van\u00a0 entre amis, avec vos , parents , grands et petits enfants pour un p\u00e9riple m\u00e9morable d'h\u00f4tel en h\u00f4tel\u00a0 tout confort en toute s\u00e9curit\u00e9.\u00a0<\/p><p>Nous\u00a0 pouvons n\u00e9gocier les tarifs d'h\u00f4tels pour vous\u00a0\u00a0<\/p><p>\u00a0<\/p>\t\t\n\t\t\t<a href=\"\">\n\t\t\t\t\t\tNos excursions\n\t\t\t\t\t<\/a>\n\t\t\t\t\t\t\t\t<figure><img src=\"https:\/\/www.belleprovenceminibusdeluxe.com\/wp-content\/uploads\/2024\/04\/IMG-20240323-WA0029-768x1024.jpg\" alt=\"IMG-20240323-WA0029\" \/><\/figure><figure><img src=\"https:\/\/www.belleprovenceminibusdeluxe.com\/wp-content\/uploads\/2024\/04\/IMG-20240323-WA0024-768x1024.jpg\" alt=\"Champs de Lavande et de Tournesols\" \/><\/figure><figure><img src=\"https:\/\/www.belleprovenceminibusdeluxe.com\/wp-content\/uploads\/2024\/04\/IMG-20240323-WA0021-768x1024.jpg\" alt=\"IMG-20240323-WA0021\" \/><\/figure><figure><img src=\"https:\/\/www.belleprovenceminibusdeluxe.com\/wp-content\/uploads\/2024\/04\/IMG-20240323-WA0022-768x1024.jpg\" alt=\"IMG-20240323-WA0022\" \/><\/figure><figure><img src=\"https:\/\/www.belleprovenceminibusdeluxe.com\/wp-content\/uploads\/2024\/04\/IMG-20240323-WA0023.jpg\" alt=\"IMG-20240323-WA0023\" \/><\/figure><figure><img src=\"https:\/\/www.belleprovenceminibusdeluxe.com\/wp-content\/uploads\/2024\/04\/IMG-20240131-WA0004-768x1024.jpg\" alt=\"Nouveau van de Luxe 2023 Belle Provence Minibus Deluxe\" \/><\/figure><figure><img src=\"https:\/\/www.belleprovenceminibusdeluxe.com\/wp-content\/uploads\/2024\/04\/IMG-20240323-WA0009-768x1024.jpg\" alt=\"IMG-20240323-WA0009\" \/><\/figure><figure><img src=\"https:\/\/www.belleprovenceminibusdeluxe.com\/wp-content\/uploads\/2024\/04\/IMG-20240323-WA0030-768x1024.jpg\" alt=\"Excursion dans les Lavandes avec les mari\u00e9s juste avant le Mariage\" \/><\/figure><figure><img src=\"https:\/\/www.belleprovenceminibusdeluxe.com\/wp-content\/uploads\/2024\/04\/IMG-20240323-WA0028-768x1024.jpg\" alt=\"IMG-20240323-WA0028\" \/><\/figure><figure><img src=\"https:\/\/www.belleprovenceminibusdeluxe.com\/wp-content\/uploads\/2024\/04\/IMG-20240323-WA0017.jpg\" alt=\"IMG-20240323-WA0017\" \/><\/figure><figure><img src=\"https:\/\/www.belleprovenceminibusdeluxe.com\/wp-content\/uploads\/2023\/12\/WKBR5647.jpeg\" alt=\"La Camargue de toutes les couleurs. Excursion avec Belle Provence Minibus Deluxe\" \/><\/figure><figure><img src=\"https:\/\/www.belleprovenceminibusdeluxe.com\/wp-content\/uploads\/2021\/11\/FullSizeRender-3-2-768x1024.jpg\" alt=\"FullSizeRender (3) 2\" \/><\/figure><figure><img src=\"https:\/\/www.belleprovenceminibusdeluxe.com\/wp-content\/uploads\/2021\/11\/IMG_4839-768x1024.jpg\" alt=\"Provence guide\" \/><\/figure><figure><img src=\"https:\/\/www.belleprovenceminibusdeluxe.com\/wp-content\/uploads\/2021\/11\/IMG_0243-2-768x1024.jpg\" alt=\"Eglise de BONNIEUX, village perch\u00e9 du LUBERON\" \/><\/figure><figure><img src=\"https:\/\/www.belleprovenceminibusdeluxe.com\/wp-content\/uploads\/2021\/11\/IMG_6511-2-738x1024.jpg\" alt=\"porte d&#039;entr\u00e9e et mosa\u00eeques \u00e0 Callongue au cours d&#039;un excursion \u00e0 CALLELONGUE\" \/><\/figure><figure><img src=\"https:\/\/www.belleprovenceminibusdeluxe.com\/wp-content\/uploads\/2021\/11\/IMG_6674-2-764x1024.jpg\" alt=\"Nous organisons des excursions Croisi\u00e9ristes d&#039;un groupe de Dame s\u00e9niors, ici devant Notre Dame de la Garde\" \/><\/figure><figure><img src=\"https:\/\/www.belleprovenceminibusdeluxe.com\/wp-content\/uploads\/2021\/08\/IMG_9375-van-gogh-sculpture-768x1024.jpg\" alt=\"Van Gogh\" \/><\/figure><figure><img src=\"https:\/\/www.belleprovenceminibusdeluxe.com\/wp-content\/uploads\/2021\/08\/IMG_7791-personnage-prenant-photo-gordes--768x1024.jpg\" alt=\"Gordes. Un couple de touristes am\u00e9ricains  qui a m\u00eame ador\u00e9 les ronds Point de Provence\" \/><\/figure><figure><img src=\"https:\/\/www.belleprovenceminibusdeluxe.com\/wp-content\/uploads\/2021\/08\/IMG_7648-degustation-de-vin-2-personnage-luberonJPG-768x1024.jpg\" alt=\"D\u00e9gustation de vin\" \/><\/figure><figure><img src=\"https:\/\/www.belleprovenceminibusdeluxe.com\/wp-content\/uploads\/2021\/08\/Cathys-parents-personnage-lavande.jpg\" alt=\"Wonderful american girls\" \/><\/figure><figure><img src=\"https:\/\/www.belleprovenceminibusdeluxe.com\/wp-content\/uploads\/2024\/04\/IMG_0086-Copie-768x1024.jpg\" alt=\"IMG_0086 - Copie\" \/><\/figure><figure><img src=\"https:\/\/www.belleprovenceminibusdeluxe.com\/wp-content\/uploads\/2024\/04\/IMG_0623-Copie-768x1024.jpg\" alt=\"IMG_0623 - Copie\" \/><\/figure>\t\t\t\n\t\t\t<h2>Mise \u00e0 disposition pour des Ev\u00e9nements  priv\u00e9s ou professionnels<\/h2>\t\t\n\t\t<p>Pour un accueil de d\u00e9l\u00e9gations, pour des arriv\u00e9es de participants ou d'intervenants\u00a0 \u00e0 l'a\u00e9roport de Marseille\u00a0 Provence pour un s\u00e9minaire dans la r\u00e9gion, pour accueillir \u00e0 votre place\u00a0 vos clients arrivant tardivement \u00e0 l'a\u00e9roport de Marseille Provence ,\u00a0 pour une visite de sites industriels, un anniversaire d'entreprise, un \u00e9v\u00e9nement sportif pour un roadshow, un shooting photos, pour un Repertour, un personnel Shopping,<\/p><p>Mais aussi pour un mariage que vous organisez en Provence,\u00a0 un enterrement de vie de Jeune Fille (EVJF) ou enterrement de vie de Gar\u00e7on,\u00a0 et tous vos \u00e9v\u00e9nements personnels<\/p>\t\t\n\t\t\t<a href=\"\">\n\t\t\t\t\t\tContactez-nous\n\t\t\t\t\t<\/a>\n\t\t<p style=\"text-align: center;\">De part notre exp\u00e9rience, notre relationnel et notre expertise du territoire, nous nous positionnons comme structure ressources et\u00a0 conseils.<\/p><p style=\"text-align: center;\">Vous recherchez un\u00a0 \u00a0interlocuteur unique pour votre logistique transport pour vos\u00a0 \u00e9v\u00e9nements d'entreprises , priv\u00e9s et professionnels.\u00a0\u00a0<\/p><p style=\"text-align: center;\">Externalisez vos besoins en transport aupr\u00e8s de nous\u00a0\u00a0<\/p>\t\t\n\t\t<p style=\"text-align: center;\">Partageons nos anecdotes sur nos Missions de Transport<strong>\u00a0<\/strong><\/p>\t\t\n\t\t\t<h3>parfois Insolites<\/h3>\t\t\n\t\t<ul><li>Deux indiens, de passage \u00e0 Marseille pour Affaires se sont vu offrir une journ\u00e9e d'excursion par leur h\u00f4te. L'un d'eux connaissant\u00a0 la Grotte de Sainte Marie Madeleine, lieu de p\u00e8lerinage, souhaitait la visiter en hommage \u00e0 sa femme.\u00a0 Turban traditionnel sur la t\u00eate ils ont effectu\u00e9 la mont\u00e9e et la descente plus rapidement qu'il ne faut pour le dire !\u00a0 S'en est suivi un repas frugal et v\u00e9g\u00e9tarien au pied de la Montagne de la Sainte Baume auquel le chauffeur a \u00e9t\u00e9 convi\u00e9<\/li><\/ul><p>\u00a0<\/p><ul><li>Nous avons transport\u00e9 \u00e0 Miramas, l'\u00e9quipe dirigeante de Mac Arthur Glen\u00a0 promoteurs Britanniques du \"Village des Marques \u00e0 Miramas\", 2 ans avant sa cr\u00e9ation,\u00a0 ce n'\u00e9tait alors qu'un\u00a0 \u00a0champs en friche ! Nous \u00e9tions 3 Mini Vans et avons r\u00e9ussi \u00e0 tenir leur programme tr\u00e8s serr\u00e9, leur objectif \u00e9tant de faire un tour des lieux de shopping aux alentours en une journ\u00e9e<\/li><\/ul><p>\u00a0<\/p><ul><li>Un des plus beaux souvenirs:\u00a0 \u00a0mon van roulant \u00e0\u00a0 la tomb\u00e9e du jour le long de nationale 117 d'Arles \u00e0 Fos sur Mer, et une \u00e9quipe de journalistes\u00a0 chinois qui chantent \u00a0spontan\u00e9ment\u00a0 un chant traditionnel chinois \u00e0 deux voix.<\/li><\/ul>\t\t\n\t\t\t<h3>Label Esprit client\n<\/h3>\t\t\n\t\t\t\t\t\t\t\t\t\t\t\t\t<img width=\"1960\" height=\"536\" src=\"https:\/\/www.belleprovenceminibusdeluxe.com\/wp-content\/uploads\/2021\/10\/logo8bis-Esprit-client.jpg\" alt=\"Label Esprit client\" srcset=\"https:\/\/www.belleprovenceminibusdeluxe.com\/wp-content\/uploads\/2021\/10\/logo8bis-Esprit-client.jpg 1960w, https:\/\/www.belleprovenceminibusdeluxe.com\/wp-content\/uploads\/2021\/10\/logo8bis-Esprit-client-300x82.jpg 300w, https:\/\/www.belleprovenceminibusdeluxe.com\/wp-content\/uploads\/2021\/10\/logo8bis-Esprit-client-1024x280.jpg 1024w, https:\/\/www.belleprovenceminibusdeluxe.com\/wp-content\/uploads\/2021\/10\/logo8bis-Esprit-client-768x210.jpg 768w, https:\/\/www.belleprovenceminibusdeluxe.com\/wp-content\/uploads\/2021\/10\/logo8bis-Esprit-client-1536x420.jpg 1536w\" sizes=\"(max-width: 1960px) 100vw, 1960px\" \/>\t\t\t\t\t\t\t\t\t\t\t\t\t\n\t\t\t<h3>Label Pr\u00e9f\u00e9rence Provence\n<\/h3>\t\t\n\t\t\t\t\t\t\t\t\t\t\t\t\t<img width=\"593\" height=\"593\" src=\"https:\/\/www.belleprovenceminibusdeluxe.com\/wp-content\/uploads\/2021\/06\/Logo_Preference_Provence.png\" alt=\"\" srcset=\"https:\/\/www.belleprovenceminibusdeluxe.com\/wp-content\/uploads\/2021\/06\/Logo_Preference_Provence.png 593w, https:\/\/www.belleprovenceminibusdeluxe.com\/wp-content\/uploads\/2021\/06\/Logo_Preference_Provence-300x300.png 300w, https:\/\/www.belleprovenceminibusdeluxe.com\/wp-content\/uploads\/2021\/06\/Logo_Preference_Provence-150x150.png 150w, https:\/\/www.belleprovenceminibusdeluxe.com\/wp-content\/uploads\/2021\/06\/Logo_Preference_Provence-100x100.png 100w\" sizes=\"(max-width: 593px) 100vw, 593px\" \/>\t\t\t\t\t\t\t\t\t\t\t\t\t\n\t\t<h6 style=\"text-align: center;\">Belle Provence Minibus Deluxe est tr\u00e8s fi\u00e8re de se voir d\u00e9cerner le label \"Pr\u00e9f\u00e9rence Provence\" d\u00e9livr\u00e9 par Provence Tourisme.<\/h6><h6 style=\"text-align: center;\">Il confirme notre place d'expert du Territoire Proven\u00e7al dans nos services de transport avec chauffeur priv\u00e9, Transferts de porte \u00e0 porte avec accueil personnalis\u00e9,\u00a0 mises \u00e0 disposition, en toute s\u00e9curit\u00e9\u00a0 et discr\u00e9tion. Mais aussi pour la qualit\u00e9 de nos excursions et s\u00e9jours Gastronomie, nature culture et traditions, avec guide-chauffeur et guide-conf\u00e9rencier vous plongent dans la Provence authentique, bien s\u00fbr en toute\u00a0 convivialit\u00e9\u00a0 !<\/h6><p style=\"text-align: center;\"><em>Il vous manque des informations sur notre nouveau site internet ? N'h\u00e9sitez pas \u00e0 revenir vers nous et \u00e0 nous en faire part.<\/em>\u00a0<\/p>","_et_gb_content_width":"","footnotes":""},"class_list":["post-13117","page","type-page","status-publish","has-post-thumbnail","hentry"],"_links":{"self":[{"href":"https:\/\/www.belleprovenceminibusdeluxe.com\/en\/wp-json\/wp\/v2\/pages\/13117","targetHints":{"allow":["GET"]}}],"collection":[{"href":"https:\/\/www.belleprovenceminibusdeluxe.com\/en\/wp-json\/wp\/v2\/pages"}],"about":[{"href":"https:\/\/www.belleprovenceminibusdeluxe.com\/en\/wp-json\/wp\/v2\/types\/page"}],"author":[{"embeddable":true,"href":"https:\/\/www.belleprovenceminibusdeluxe.com\/en\/wp-json\/wp\/v2\/users\/1"}],"replies":[{"embeddable":true,"href":"https:\/\/www.belleprovenceminibusdeluxe.com\/en\/wp-json\/wp\/v2\/comments?post=13117"}],"version-history":[{"count":0,"href":"https:\/\/www.belleprovenceminibusdeluxe.com\/en\/wp-json\/wp\/v2\/pages\/13117\/revisions"}],"wp:featuredmedia":[{"embeddable":true,"href":"https:\/\/www.belleprovenceminibusdeluxe.com\/en\/wp-json\/wp\/v2\/media\/7765"}],"wp:attachment":[{"href":"https:\/\/www.belleprovenceminibusdeluxe.com\/en\/wp-json\/wp\/v2\/media?parent=13117"}],"curies":[{"name":"wp","href":"https:\/\/api.w.org\/{rel}","templated":true}]}}