{"id":13123,"date":"2023-02-01T18:08:40","date_gmt":"2023-02-01T17:08:40","guid":{"rendered":"https:\/\/www.belleprovenceminibusdeluxe.com\/?page_id=13123"},"modified":"2025-10-29T22:03:19","modified_gmt":"2025-10-29T21:03:19","slug":"business-transport-private-chauffeur-marseille","status":"publish","type":"page","link":"https:\/\/www.belleprovenceminibusdeluxe.com\/en\/business-transport-private-chauffeur-marseille\/","title":{"rendered":"Business Transport"},"content":{"rendered":"<p>[et_pb_section fb_built=\u00a0\u00bb1&Prime; admin_label=\u00a0\u00bbHeader\u00a0\u00bb _builder_version=\u00a0\u00bb4.27.2&Prime; _module_preset=\u00a0\u00bbdefault\u00a0\u00bb use_background_color_gradient=\u00a0\u00bbon\u00a0\u00bb background_color_gradient_stops=\u00a0\u00bbgcid-02132a14-0aa3-45af-abdc-389c29b58c23 20%|rgba(38,54,78,0.7) 100%\u00a0\u00bb background_color_gradient_overlays_image=\u00a0\u00bbon\u00a0\u00bb background_image=\u00a0\u00bbhttps:\/\/www.belleprovenceminibusdeluxe.com\/wp-content\/uploads\/2021\/11\/MERCEDES-vito-vip-noir-9-places-devant-le-theatre-de-la-joliette-300&#215;203.jpg\u00a0\u00bb custom_padding=\u00a0\u00bb12%||12%||true|false\u00a0\u00bb collapsed=\u00a0\u00bbon\u00a0\u00bb global_colors_info=\u00a0\u00bb{%22gcid-02132a14-0aa3-45af-abdc-389c29b58c23%22:%91%22background_color%22%93}\u00a0\u00bb][et_pb_row _builder_version=\u00a0\u00bb4.18.0&Prime; _module_preset=\u00a0\u00bbdefault\u00a0\u00bb global_colors_info=\u00a0\u00bb{}\u00a0\u00bb][et_pb_column type=\u00a0\u00bb4_4&Prime; _builder_version=\u00a0\u00bb4.18.0&Prime; _module_preset=\u00a0\u00bbdefault\u00a0\u00bb global_colors_info=\u00a0\u00bb{}\u00a0\u00bb][et_pb_text _builder_version=\u00a0\u00bb4.27.4&Prime; _module_preset=\u00a0\u00bbc16985e1-e0d6-4022-964d-e2bfc04fa633&Prime; header_font=\u00a0\u00bb||||||||\u00a0\u00bb header_text_align=\u00a0\u00bbleft\u00a0\u00bb header_font_size=\u00a0\u00bb40px\u00a0\u00bb header_2_font=\u00a0\u00bb&#8211;et_global_heading_font||||||||\u00a0\u00bb header_2_text_align=\u00a0\u00bbleft\u00a0\u00bb header_2_font_size=\u00a0\u00bb20px\u00a0\u00bb header_2_letter_spacing=\u00a0\u00bb6px\u00a0\u00bb header_2_line_height=\u00a0\u00bb1.4em\u00a0\u00bb background_layout=\u00a0\u00bbdark\u00a0\u00bb custom_margin_tablet=\u00a0\u00bb\u00a0\u00bb custom_margin_phone=\u00a0\u00bb30px||10px||false|false\u00a0\u00bb custom_margin_last_edited=\u00a0\u00bbon|phone\u00a0\u00bb hover_enabled=\u00a0\u00bb0&Prime; header_font_size_tablet=\u00a0\u00bb20px\u00a0\u00bb header_font_size_phone=\u00a0\u00bb18px\u00a0\u00bb header_font_size_last_edited=\u00a0\u00bbon|phone\u00a0\u00bb global_colors_info=\u00a0\u00bb{}\u00a0\u00bb sticky_enabled=\u00a0\u00bb0&Prime;]<\/p>\n<h1 data-pm-slice=\"1 1 []\"><span>Business transport with private chauffeur in Marseille and Provence<\/span><\/h1>\n<h2 data-pm-slice=\"1 1 []\"><span>Top-of-the-range service to optimise your business travel<\/span><\/h2>\n<p>[\/et_pb_text][et_pb_button button_url=\u00a0\u00bbtel:+33491337409&Prime; button_text=\u00a0\u00bb+33 (0) 491 337 409&Prime; _builder_version=\u00a0\u00bb4.27.2&Prime; _module_preset=\u00a0\u00bb31b4f027-aaa0-4f2f-ae02-959764e19e4f\u00a0\u00bb custom_button=\u00a0\u00bbon\u00a0\u00bb button_text_color=\u00a0\u00bb#FFFFFF\u00a0\u00bb button_bg_color=\u00a0\u00bb#d0a73f\u00a0\u00bb button_border_width=\u00a0\u00bb0px\u00a0\u00bb button_border_radius=\u00a0\u00bb0px\u00a0\u00bb button_font=\u00a0\u00bbPoppins|500|||||||\u00a0\u00bb custom_padding=\u00a0\u00bb12px|30px|12px|30px|true|true\u00a0\u00bb button_text_size_tablet=\u00a0\u00bb18px\u00a0\u00bb button_text_size_phone=\u00a0\u00bb16px\u00a0\u00bb button_text_size_last_edited=\u00a0\u00bbon|phone\u00a0\u00bb global_colors_info=\u00a0\u00bb{}\u00a0\u00bb][\/et_pb_button][\/et_pb_column][\/et_pb_row][\/et_pb_section][et_pb_section fb_built=\u00a0\u00bb1&Prime; _builder_version=\u00a0\u00bb4.27.2&Prime; _module_preset=\u00a0\u00bbdefault\u00a0\u00bb background_color=\u00a0\u00bb#FBF5EC\u00a0\u00bb global_colors_info=\u00a0\u00bb{}\u00a0\u00bb][et_pb_row _builder_version=\u00a0\u00bb4.27.2&Prime; _module_preset=\u00a0\u00bbdefault\u00a0\u00bb global_colors_info=\u00a0\u00bb{}\u00a0\u00bb][et_pb_column type=\u00a0\u00bb4_4&Prime; _builder_version=\u00a0\u00bb4.27.2&Prime; _module_preset=\u00a0\u00bbdefault\u00a0\u00bb global_colors_info=\u00a0\u00bb{}\u00a0\u00bb][et_pb_text _builder_version=\u00a0\u00bb4.27.2&Prime; _module_preset=\u00a0\u00bb1f09816e-184e-4ce5-a4cf-b39c52c423ca\u00a0\u00bb text_font=\u00a0\u00bb&#8211;et_global_body_font||||||||\u00a0\u00bb text_font_size=\u00a0\u00bb16px\u00a0\u00bb text_line_height=\u00a0\u00bb1.75em\u00a0\u00bb header_3_font=\u00a0\u00bb||||||||\u00a0\u00bb header_3_text_align=\u00a0\u00bbcenter\u00a0\u00bb header_3_font_size=\u00a0\u00bb20px\u00a0\u00bb header_3_line_height=\u00a0\u00bb1.5em\u00a0\u00bb text_font_size_tablet=\u00a0\u00bb15px\u00a0\u00bb text_font_size_phone=\u00a0\u00bb14px\u00a0\u00bb text_font_size_last_edited=\u00a0\u00bbon|phone\u00a0\u00bb header_font_size_tablet=\u00a0\u00bb55px\u00a0\u00bb header_font_size_last_edited=\u00a0\u00bboff|desktop\u00a0\u00bb global_colors_info=\u00a0\u00bb{}\u00a0\u00bb]<\/p>\n<p data-pm-slice=\"1 1 []\"><span>Are you looking for a <\/span><span><strong>business transport with private chauffeur in Marseille or Provence<\/strong><\/span><span> ? Whether you are a company, a business travel agency or a professional on the move, <\/span><span><strong>Belle Provence Minibus Deluxe<\/strong><\/span><span> offers you a fleet of top-of-the-range vehicles and experienced drivers to ensure that your business trips are carried out under optimum conditions of safety and comfort. <\/span><span><strong>comfort, safety and punctuality<\/strong><\/span><span>.<\/span><\/p>\n<p><span>We can help you with all your <\/span><span><strong>business transfers<\/strong><\/span><span>business meetings, conferences, site visits or client tours. Our services are aimed at <\/span><span><strong>local businesses<\/strong><\/span><span>to <\/span><span><strong>international companies<\/strong><\/span><span> on one-off or recurring assignments in the South of France.<\/span><\/p>\n<p>[\/et_pb_text][\/et_pb_column][\/et_pb_row][\/et_pb_section][et_pb_section fb_built=\u00a0\u00bb1&Prime; admin_label=\u00a0\u00bbCall to Action\u00a0\u00bb _builder_version=\u00a0\u00bb4.18.0&Prime; _module_preset=\u00a0\u00bbdefault\u00a0\u00bb locked=\u00a0\u00bboff\u00a0\u00bb collapsed=\u00a0\u00bbon\u00a0\u00bb global_colors_info=\u00a0\u00bb{}\u00a0\u00bb][et_pb_row column_structure=\u00a0\u00bb1_2,1_2&Prime; use_custom_gutter=\u00a0\u00bbon\u00a0\u00bb gutter_width=\u00a0\u00bb2&Prime; make_equal=\u00a0\u00bbon\u00a0\u00bb _builder_version=\u00a0\u00bb4.27.2&Prime; _module_preset=\u00a0\u00bbdefault\u00a0\u00bb global_colors_info=\u00a0\u00bb{}\u00a0\u00bb][et_pb_column type=\u00a0\u00bb1_2&Prime; _builder_version=\u00a0\u00bb4.18.0&Prime; _module_preset=\u00a0\u00bbdefault\u00a0\u00bb custom_padding=\u00a0\u00bb8%||8%||true|false\u00a0\u00bb border_color_all=\u00a0\u00bbgcid-e010f2a6-5bcc-4cbf-902a-b2f60822625a\u00a0\u00bb border_width_top=\u00a0\u00bb2px\u00a0\u00bb border_width_bottom=\u00a0\u00bb2px\u00a0\u00bb global_colors_info=\u00a0\u00bb{%22gcid-e010f2a6-5bcc-4cbf-902a-b2f60822625a%22:%91%22border_color_all%22%93}\u00a0\u00bb][et_pb_text _builder_version=\u00a0\u00bb4.27.4&Prime; _module_preset=\u00a0\u00bbb327cbe4-b1d5-4b66-ad37-40c8f2f061ba\u00a0\u00bb header_2_font=\u00a0\u00bb&#8211;et_global_heading_font||||||||\u00a0\u00bb header_2_text_color=\u00a0\u00bbgcid-e010f2a6-5bcc-4cbf-902a-b2f60822625a\u00a0\u00bb header_2_font_size=\u00a0\u00bb30px\u00a0\u00bb header_3_font_size=\u00a0\u00bb18px\u00a0\u00bb header_3_line_height=\u00a0\u00bb1.5em\u00a0\u00bb header_2_font_size_tablet=\u00a0\u00bb32px\u00a0\u00bb global_colors_info=\u00a0\u00bb{%22gcid-e010f2a6-5bcc-4cbf-902a-b2f60822625a%22:%91%22header_2_text_color%22%93}\u00a0\u00bb]<\/p>\n<h2 data-pm-slice=\"1 1 []\"><span>Our private chauffeurs for all your business transport needs<\/span><\/h2>\n<p><span>Specialising in <\/span><span><strong>tailor-made transport with private driver<\/strong><\/span><span>Our drivers will accompany you with professionalism, in the Marseille area, in Provence, and well beyond if need be. They will take care of your staff, your customers or your partners with the utmost professionalism. <\/span><span><strong>personalised 'Meet and Greet<\/strong><\/span><span> and constant attention to their needs.<\/span><\/p>\n<p><span>They follow your <\/span><span><strong>schedule of business meetings<\/strong><\/span><span> and help you optimise your journeys in a sometimes tight schedule. Our vehicles are equipped to offer you peace of mind, connectivity and comfort during your journeys.<\/span><\/p>\n<h3><span>Our private chauffeurs carry out sensitive and demanding assignments<\/span><\/h3>\n<p><span>Our drivers are trained in <\/span><span><strong>discretion<\/strong><\/span><span>the <\/span><span><strong>punctuality<\/strong><\/span><span> and strict compliance with <\/span><span><strong>professional codes<\/strong><\/span><span>. They regularly transport public figures, elected representatives (ministers, MPs) and company directors in a secure environment, sometimes with escorts.<\/span><\/p>\n<p>[\/et_pb_text][et_pb_text _builder_version=\u00a0\u00bb4.27.2&Prime; _module_preset=\u00a0\u00bb1f09816e-184e-4ce5-a4cf-b39c52c423ca\u00a0\u00bb text_font=\u00a0\u00bbPoppins||||||||\u00a0\u00bb text_line_height=\u00a0\u00bb1.75em\u00a0\u00bb text_font_size_tablet=\u00a0\u00bb15px\u00a0\u00bb text_font_size_phone=\u00a0\u00bb14px\u00a0\u00bb text_font_size_last_edited=\u00a0\u00bbon|phone\u00a0\u00bb header_font_size_tablet=\u00a0\u00bb55px\u00a0\u00bb header_font_size_last_edited=\u00a0\u00bboff|desktop\u00a0\u00bb global_colors_info=\u00a0\u00bb{}\u00a0\u00bb]<\/p>\n<p>Not only do they carry out escorted missions, transporting VIPs, ministers, MPs, etc., but they also apply codes of behaviour: Discretion, courtesy, punctuality.<\/p>\n<p>&nbsp;<\/p>\n<p>[\/et_pb_text][\/et_pb_column][et_pb_column type=\u00a0\u00bb1_2&Prime; _builder_version=\u00a0\u00bb4.27.2&Prime; _module_preset=\u00a0\u00bbdefault\u00a0\u00bb background_image=\u00a0\u00bbhttps:\/\/www.belleprovenceminibusdeluxe.com\/wp-content\/uploads\/2023\/02\/IMG_0022-van-MERCEDES-avec-chauffeur-prive-devant-le-GOLDEN-TULIP-a-MARSEILLE-2048&#215;142511-1.jpg\u00a0\u00bb global_colors_info=\u00a0\u00bb{}\u00a0\u00bb][et_pb_divider show_divider=\u00a0\u00bboff\u00a0\u00bb _builder_version=\u00a0\u00bb4.18.0&Prime; _module_preset=\u00a0\u00bbdefault\u00a0\u00bb height_tablet=\u00a0\u00bb40vw\u00a0\u00bb height_phone=\u00a0\u00bb40vw\u00a0\u00bb height_last_edited=\u00a0\u00bbon|desktop\u00a0\u00bb global_colors_info=\u00a0\u00bb{}\u00a0\u00bb][\/et_pb_divider][\/et_pb_column][\/et_pb_row][et_pb_row use_custom_gutter=\u00a0\u00bbon\u00a0\u00bb gutter_width=\u00a0\u00bb2&Prime; make_equal=\u00a0\u00bbon\u00a0\u00bb _builder_version=\u00a0\u00bb4.27.2&Prime; _module_preset=\u00a0\u00bbdefault\u00a0\u00bb global_colors_info=\u00a0\u00bb{}\u00a0\u00bb][et_pb_column type=\u00a0\u00bb4_4&Prime; _builder_version=\u00a0\u00bb4.18.0&Prime; _module_preset=\u00a0\u00bbdefault\u00a0\u00bb custom_padding=\u00a0\u00bb8%||8%||true|false\u00a0\u00bb border_color_all=\u00a0\u00bbgcid-e010f2a6-5bcc-4cbf-902a-b2f60822625a\u00a0\u00bb border_width_top=\u00a0\u00bb2px\u00a0\u00bb border_width_bottom=\u00a0\u00bb2px\u00a0\u00bb global_colors_info=\u00a0\u00bb{%22gcid-e010f2a6-5bcc-4cbf-902a-b2f60822625a%22:%91%22border_color_all%22%93}\u00a0\u00bb][et_pb_text _builder_version=\u00a0\u00bb4.27.4&Prime; _module_preset=\u00a0\u00bbb327cbe4-b1d5-4b66-ad37-40c8f2f061ba\u00a0\u00bb header_2_text_align=\u00a0\u00bbcenter\u00a0\u00bb header_2_text_color=\u00a0\u00bbgcid-e010f2a6-5bcc-4cbf-902a-b2f60822625a\u00a0\u00bb header_2_font_size=\u00a0\u00bb52px\u00a0\u00bb text_orientation=\u00a0\u00bbleft\u00a0\u00bb header_2_font_size_tablet=\u00a0\u00bb32px\u00a0\u00bb global_colors_info=\u00a0\u00bb{%22gcid-e010f2a6-5bcc-4cbf-902a-b2f60822625a%22:%91%22header_2_text_color%22%93}\u00a0\u00bb]<\/p>\n<h2 data-pm-slice=\"1 1 []\"><span>A service tailored to the needs of professionals<\/span><\/h2>\n<h3><span>Our welcome and personalised services<\/span><\/h3>\n<p><span>For your <\/span><span><strong>business trips<\/strong><\/span><span> in Marseille and the Provence region, we offer a full service of <\/span><span><strong>bilingual private chauffeur<\/strong><\/span><span> (or trilingual on request), combined with a <\/span><span><strong>VIP hospitality<\/strong><\/span><span>.<\/span><\/p>\n<p><span>We take care of both your customers and your staff, with transfers from :<\/span><\/p>\n<ul data-spread=\"false\">\n<li><span>hotels to meeting points,<\/span><\/li>\n<li><span>Marseille Saint-Charles or Aix-en-Provence TGV stations,<\/span><\/li>\n<li><span>Marseille-Provence Airport,<\/span><\/li>\n<li><span>any other strategic point in your professional programme.<\/span><\/li>\n<\/ul>\n<p><span>Would you like to take care of your customers? Treat them to a top-of-the-range service with our private chauffeurs!<\/span><\/p>\n<h3><span>Rely on our professionalism<\/span><\/h3>\n<p><span>For more than 20 years, we have been putting our expertise at the service of <\/span><span><strong>demanding professionals<\/strong><\/span><span>. Your single point of contact will take care of everything: listening to your needs, organising transport and reacting quickly to last-minute changes.<\/span><\/p>\n<p><span>We offer you a <\/span><span><strong>personalised quote<\/strong><\/span><span>tailored to your specifications. Our priority: to ensure smooth, discreet transport that is perfectly synchronised with your schedule.<\/span><\/p>\n<h3><span>Our expertise and analysis of your request<\/span><\/h3>\n<p><span>Our <\/span><span><strong>logistics expertise<\/strong><\/span><span> and our local knowledge make us a reliable partner. Each request is analysed on a case-by-case basis: timetables, locations, traffic constraints, access, specific characteristics of the customer being transported.<\/span><\/p>\n<p><span>This organisational precision enables us to build effective, predictable and reassuring solutions, with high added value for your business.<\/span><\/p>\n<p>[\/et_pb_text][\/et_pb_column][\/et_pb_row][et_pb_row column_structure=\u00a0\u00bb1_2,1_2&Prime; use_custom_gutter=\u00a0\u00bbon\u00a0\u00bb gutter_width=\u00a0\u00bb2&Prime; make_equal=\u00a0\u00bbon\u00a0\u00bb _builder_version=\u00a0\u00bb4.27.2&Prime; _module_preset=\u00a0\u00bbdefault\u00a0\u00bb global_colors_info=\u00a0\u00bb{}\u00a0\u00bb][et_pb_column type=\u00a0\u00bb1_2&Prime; _builder_version=\u00a0\u00bb4.27.2&Prime; _module_preset=\u00a0\u00bbdefault\u00a0\u00bb background_image=\u00a0\u00bbhttps:\/\/www.belleprovenceminibusdeluxe.com\/wp-content\/uploads\/2021\/11\/\u00a9-MuCEM-Photo-Diego-Ravier-R.-Ricciotti-et-R.-Carta-architectes-4-300&#215;200.jpg\u00a0\u00bb global_colors_info=\u00a0\u00bb{}\u00a0\u00bb][et_pb_divider show_divider=\u00a0\u00bboff\u00a0\u00bb _builder_version=\u00a0\u00bb4.18.0&Prime; _module_preset=\u00a0\u00bbdefault\u00a0\u00bb height_tablet=\u00a0\u00bb40vw\u00a0\u00bb height_phone=\u00a0\u00bb40vw\u00a0\u00bb height_last_edited=\u00a0\u00bbon|desktop\u00a0\u00bb global_colors_info=\u00a0\u00bb{}\u00a0\u00bb][\/et_pb_divider][\/et_pb_column][et_pb_column type=\u00a0\u00bb1_2&Prime; _builder_version=\u00a0\u00bb4.18.0&Prime; _module_preset=\u00a0\u00bbdefault\u00a0\u00bb custom_padding=\u00a0\u00bb8%||8%||true|false\u00a0\u00bb border_color_all=\u00a0\u00bbgcid-e010f2a6-5bcc-4cbf-902a-b2f60822625a\u00a0\u00bb border_width_top=\u00a0\u00bb2px\u00a0\u00bb border_width_bottom=\u00a0\u00bb2px\u00a0\u00bb global_colors_info=\u00a0\u00bb{%22gcid-e010f2a6-5bcc-4cbf-902a-b2f60822625a%22:%91%22border_color_all%22%93}\u00a0\u00bb][et_pb_text _builder_version=\u00a0\u00bb4.27.4&Prime; _module_preset=\u00a0\u00bbb327cbe4-b1d5-4b66-ad37-40c8f2f061ba\u00a0\u00bb header_2_font=\u00a0\u00bb&#8211;et_global_heading_font||||||||\u00a0\u00bb header_2_text_color=\u00a0\u00bbgcid-e010f2a6-5bcc-4cbf-902a-b2f60822625a\u00a0\u00bb header_2_font_size=\u00a0\u00bb30px\u00a0\u00bb header_3_font_size=\u00a0\u00bb18px\u00a0\u00bb header_3_line_height=\u00a0\u00bb1.4em\u00a0\u00bb header_2_font_size_tablet=\u00a0\u00bb32px\u00a0\u00bb global_colors_info=\u00a0\u00bb{%22gcid-e010f2a6-5bcc-4cbf-902a-b2f60822625a%22:%91%22header_2_text_color%22%93}\u00a0\u00bb]<\/p>\n<h2 data-pm-slice=\"1 1 []\"><span>Marseille, a fast-growing business hub<\/span><\/h2>\n<p><span>Marseille is no longer just a tourist city. It is becoming a <\/span><span><strong>strategic business metropolis<\/strong><\/span><span>The emergence of the <\/span><span><strong>Eurom\u00e9diterran\u00e9e district<\/strong><\/span><span>This has been made possible by a number of factors, including the development of its infrastructure and its central geographical position in the Mediterranean.<\/span><\/p>\n<p><span>La <\/span><span><strong>Aix-Marseille-Provence metropolis<\/strong><\/span><span> attracts large numbers of <\/span><span><strong>investors, start-ups, CAC 40 companies, liberal professions<\/strong><\/span><span> and international conferences. That's why we've adapted our services to meet the growing demand from <\/span><span><strong>top-of-the-range transport for professionals<\/strong><\/span><span>.<\/span><\/p>\n<p>[\/et_pb_text][\/et_pb_column][\/et_pb_row][et_pb_row column_structure=\u00a0\u00bb1_2,1_2&Prime; use_custom_gutter=\u00a0\u00bbon\u00a0\u00bb gutter_width=\u00a0\u00bb2&Prime; make_equal=\u00a0\u00bbon\u00a0\u00bb _builder_version=\u00a0\u00bb4.27.2&Prime; _module_preset=\u00a0\u00bbdefault\u00a0\u00bb global_colors_info=\u00a0\u00bb{}\u00a0\u00bb][et_pb_column type=\u00a0\u00bb1_2&Prime; _builder_version=\u00a0\u00bb4.18.0&Prime; _module_preset=\u00a0\u00bbdefault\u00a0\u00bb custom_padding=\u00a0\u00bb8%||8%||true|false\u00a0\u00bb border_color_all=\u00a0\u00bbgcid-e010f2a6-5bcc-4cbf-902a-b2f60822625a\u00a0\u00bb border_width_top=\u00a0\u00bb2px\u00a0\u00bb border_width_bottom=\u00a0\u00bb2px\u00a0\u00bb global_colors_info=\u00a0\u00bb{%22gcid-e010f2a6-5bcc-4cbf-902a-b2f60822625a%22:%91%22border_color_all%22%93}\u00a0\u00bb][et_pb_text _builder_version=\u00a0\u00bb4.27.4&Prime; _module_preset=\u00a0\u00bbb327cbe4-b1d5-4b66-ad37-40c8f2f061ba\u00a0\u00bb ul_text_align=\u00a0\u00bbleft\u00a0\u00bb header_2_font=\u00a0\u00bb&#8211;et_global_heading_font||||||||\u00a0\u00bb header_2_text_color=\u00a0\u00bbgcid-e010f2a6-5bcc-4cbf-902a-b2f60822625a\u00a0\u00bb header_2_font_size=\u00a0\u00bb30px\u00a0\u00bb header_3_font_size=\u00a0\u00bb18px\u00a0\u00bb header_3_line_height=\u00a0\u00bb1.5em\u00a0\u00bb header_2_font_size_tablet=\u00a0\u00bb32px\u00a0\u00bb global_colors_info=\u00a0\u00bb{%22gcid-e010f2a6-5bcc-4cbf-902a-b2f60822625a%22:%91%22header_2_text_color%22%93}\u00a0\u00bb]<\/p>\n<h2 data-pm-slice=\"1 1 []\"><span>Peace of mind, comfort and efficiency for your business<\/span><\/h2>\n<p><span><strong>Businessman or woman, travel agency, event organiser or logistics manager<\/strong><\/span><span>You can count on us to handle your private transport needs with the utmost professionalism.<\/span><\/p>\n<p><span>We tailor each assignment to your needs, providing advice and logistical support. We welcome your customers day and night, without territorial or time limits. Our services cover both <\/span><span><strong>simple transfer<\/strong><\/span><span> a <\/span><span><strong>programme combining business and tourism<\/strong><\/span><span>.<\/span><\/p>\n<p><span>We provide :<\/span><\/p>\n<ul data-spread=\"false\">\n<li>\n<p><span>A <\/span><span><strong>great reactivity<\/strong><\/span><span> in case of unforeseen circumstances,<\/span><\/p>\n<\/li>\n<li>\n<p><span>A <\/span><span><strong>absolute discretion<\/strong><\/span><span>,<\/span><\/p>\n<\/li>\n<li>\n<p><span>A <\/span><span><strong>organisational flexibility<\/strong><\/span><span>,<\/span><\/p>\n<\/li>\n<li>\n<p><span>A <\/span><span><strong>local knowledge<\/strong><\/span><span> for optimised solutions.<\/span><\/p>\n<\/li>\n<\/ul>\n<p><span>Institutions such as the <\/span><span><strong>European Parliament<\/strong><\/span><span>of <\/span><span><strong>major private and public groups<\/strong><\/span><span>or <\/span><span><strong>international speakers and VIPs<\/strong><\/span><span> have been placing their trust in us for years.<\/span><\/p>\n<p>[\/et_pb_text][et_pb_text _builder_version=\u00a0\u00bb4.27.2&Prime; _module_preset=\u00a0\u00bb1f09816e-184e-4ce5-a4cf-b39c52c423ca\u00a0\u00bb text_font=\u00a0\u00bbPoppins||||||||\u00a0\u00bb text_line_height=\u00a0\u00bb1.75em\u00a0\u00bb text_orientation=\u00a0\u00bbleft\u00a0\u00bb text_font_size_tablet=\u00a0\u00bb15px\u00a0\u00bb text_font_size_phone=\u00a0\u00bb14px\u00a0\u00bb text_font_size_last_edited=\u00a0\u00bbon|phone\u00a0\u00bb header_font_size_tablet=\u00a0\u00bb55px\u00a0\u00bb header_font_size_last_edited=\u00a0\u00bboff|desktop\u00a0\u00bb global_colors_info=\u00a0\u00bb{}\u00a0\u00bb]<\/p>\n<div class=\"elementor-element elementor-element-5fb8017 elementor-widget elementor-widget-text-editor\" data-id=\"5fb8017\" data-element_type=\"widget\" data-settings=\"{&quot;_animation&quot;:&quot;none&quot;}\" data-widget_type=\"text-editor.default\">\n<div class=\"elementor-widget-container\">\n<ul>\n<li>Once we have studied your request, we will make any necessary suggestions when you ask us to do so.<\/li>\n<li>We welcome your customers for you day and night and offer personalised service.<\/li>\n<li>There are no territorial or time limits.\u00a0<\/li>\n<li>You can choose to combine Transfer &amp; business &amp; tourism to welcome your customer with a transfer combined with a few hours of sightseeing.<\/li>\n<\/ul>\n<p><strong>We take care of your customers for you.<\/strong><\/p>\n<\/div>\n<\/div>\n<div class=\"elementor-element elementor-element-3424e8c elementor-widget elementor-widget-text-editor\" data-id=\"3424e8c\" data-element_type=\"widget\" data-settings=\"{&quot;_animation&quot;:&quot;none&quot;}\" data-widget_type=\"text-editor.default\">\n<div class=\"elementor-widget-container\">\n<p>&nbsp;<\/p>\n<\/div>\n<\/div>\n<p>[\/et_pb_text][\/et_pb_column][et_pb_column type=\u00a0\u00bb1_2&Prime; _builder_version=\u00a0\u00bb4.27.2&Prime; _module_preset=\u00a0\u00bbdefault\u00a0\u00bb background_image=\u00a0\u00bbhttps:\/\/www.belleprovenceminibusdeluxe.com\/wp-content\/uploads\/2023\/02\/IMG_3171-1152&#215;153611-1-225&#215;300.jpg\u00a0\u00bb global_colors_info=\u00a0\u00bb{}\u00a0\u00bb][et_pb_divider show_divider=\u00a0\u00bboff\u00a0\u00bb _builder_version=\u00a0\u00bb4.18.0&Prime; _module_preset=\u00a0\u00bbdefault\u00a0\u00bb height_tablet=\u00a0\u00bb40vw\u00a0\u00bb height_phone=\u00a0\u00bb40vw\u00a0\u00bb height_last_edited=\u00a0\u00bbon|desktop\u00a0\u00bb global_colors_info=\u00a0\u00bb{}\u00a0\u00bb][\/et_pb_divider][\/et_pb_column][\/et_pb_row][\/et_pb_section][et_pb_section fb_built=\u00a0\u00bb1&Prime; admin_label=\u00a0\u00bbCall to Action\u00a0\u00bb _builder_version=\u00a0\u00bb4.18.0&Prime; _module_preset=\u00a0\u00bbdefault\u00a0\u00bb locked=\u00a0\u00bboff\u00a0\u00bb collapsed=\u00a0\u00bbon\u00a0\u00bb global_colors_info=\u00a0\u00bb{}\u00a0\u00bb][et_pb_row use_custom_gutter=\u00a0\u00bbon\u00a0\u00bb gutter_width=\u00a0\u00bb2&Prime; make_equal=\u00a0\u00bbon\u00a0\u00bb module_id=\u00a0\u00bbbloc-2&Prime; _builder_version=\u00a0\u00bb4.27.4&Prime; _module_preset=\u00a0\u00bbdefault\u00a0\u00bb global_colors_info=\u00a0\u00bb{}\u00a0\u00bb][et_pb_column type=\u00a0\u00bb4_4&Prime; _builder_version=\u00a0\u00bb4.18.0&Prime; _module_preset=\u00a0\u00bbdefault\u00a0\u00bb custom_padding=\u00a0\u00bb8%||8%||true|false\u00a0\u00bb border_color_all=\u00a0\u00bbgcid-e010f2a6-5bcc-4cbf-902a-b2f60822625a\u00a0\u00bb border_width_top=\u00a0\u00bb2px\u00a0\u00bb border_width_bottom=\u00a0\u00bb2px\u00a0\u00bb global_colors_info=\u00a0\u00bb{%22gcid-e010f2a6-5bcc-4cbf-902a-b2f60822625a%22:%91%22border_color_all%22%93}\u00a0\u00bb][et_pb_text _builder_version=\u00a0\u00bb4.27.4&Prime; _module_preset=\u00a0\u00bb1f09816e-184e-4ce5-a4cf-b39c52c423ca\u00a0\u00bb text_font=\u00a0\u00bbPoppins||||||||\u00a0\u00bb text_line_height=\u00a0\u00bb1.75em\u00a0\u00bb ul_text_align=\u00a0\u00bbleft\u00a0\u00bb text_font_size_tablet=\u00a0\u00bb15px\u00a0\u00bb text_font_size_phone=\u00a0\u00bb14px\u00a0\u00bb text_font_size_last_edited=\u00a0\u00bbon|phone\u00a0\u00bb header_font_size_tablet=\u00a0\u00bb55px\u00a0\u00bb header_font_size_last_edited=\u00a0\u00bboff|desktop\u00a0\u00bb global_colors_info=\u00a0\u00bb{}\u00a0\u00bb]<\/p>\n<h2 data-pm-slice=\"1 2 []\"><span>Book your business transport in Provence<\/span><\/h2>\n<p><span>Entrust your professional transport needs to an experienced, responsive company that cares about your image. <\/span><span><strong>Belle Provence Minibus Deluxe<\/strong><\/span><span> is your trusted partner for all your <\/span><span><strong>professional private chauffeur in Marseille<\/strong><\/span><span>Aix-en-Provence, Avignon or anywhere in the South of France.<\/span><\/p>\n<p><span>Contact us for a <\/span><span><strong>made-to-measure estimate<\/strong><\/span><span> and a <\/span><span><strong>fast, high-quality care<\/strong><\/span><span>.<\/span><\/p>\n<blockquote>\n<p><span><strong>Professionals, travel stress-free, without wasting time and with the best top-of-the-range service.<\/strong><\/span><\/p>\n<\/blockquote>\n<p>[\/et_pb_text][et_pb_button button_url=\u00a0\u00bb@ET-DC@eyJkeW5hbWljIjp0cnVlLCJjb250ZW50IjoicG9zdF9saW5rX3VybF9wYWdlIiwic2V0dGluZ3MiOnsicG9zdF9pZCI6IjEzOTgxIn19@\u00a0\u00bb button_text=\u00a0\u00bbR\u00e9servez votre transport d&rsquo;affaires\u00a0\u00bb button_alignment=\u00a0\u00bbcenter\u00a0\u00bb _builder_version=\u00a0\u00bb4.27.4&Prime; _dynamic_attributes=\u00a0\u00bbbutton_url\u00a0\u00bb _module_preset=\u00a0\u00bbdb46e67d-9505-40bb-9ebd-8901bc8b3a95&Prime; custom_button=\u00a0\u00bbon\u00a0\u00bb button_text_color=\u00a0\u00bb#26364e\u00a0\u00bb button_bg_color=\u00a0\u00bbRGBA(255,255,255,0)\u00a0\u00bb button_border_width=\u00a0\u00bb0px\u00a0\u00bb button_border_radius=\u00a0\u00bb0px\u00a0\u00bb button_font=\u00a0\u00bbPoppins|500|||||||\u00a0\u00bb custom_padding=\u00a0\u00bb|0px||0px|false|true\u00a0\u00bb button_text_size_tablet=\u00a0\u00bb18px\u00a0\u00bb button_text_size_phone=\u00a0\u00bb16px\u00a0\u00bb button_text_size_last_edited=\u00a0\u00bbon|phone\u00a0\u00bb box_shadow_style=\u00a0\u00bbpreset4&Prime; box_shadow_horizontal=\u00a0\u00bb0px\u00a0\u00bb box_shadow_vertical=\u00a0\u00bb2px\u00a0\u00bb box_shadow_color=\u00a0\u00bb#26364e\u00a0\u00bb locked=\u00a0\u00bboff\u00a0\u00bb global_colors_info=\u00a0\u00bb{}\u00a0\u00bb][\/et_pb_button][\/et_pb_column][\/et_pb_row][\/et_pb_section]<\/p>","protected":false},"excerpt":{"rendered":"<p>Transport d&rsquo;affaires avec chauffeur priv\u00e9 \u00e0 Marseille et en Provence Service haut de gamme pour optimiser vos d\u00e9placements professionnelsVous recherchez un transport d&rsquo;affaires avec chauffeur priv\u00e9 \u00e0 Marseille ou en Provence ? Que vous soyez une entreprise, une agence de voyage d\u2019affaires ou un professionnel en d\u00e9placement, Belle Provence Minibus Deluxe met \u00e0 votre disposition [&hellip;]<\/p>","protected":false},"author":1,"featured_media":16561,"parent":0,"menu_order":0,"comment_status":"closed","ping_status":"closed","template":"","meta":{"_seopress_robots_primary_cat":"","_seopress_titles_title":"Transport d'affaires avec chauffeur priv\u00e9 \u00e0 Marseille","_seopress_titles_desc":"Chauffeur priv\u00e9 haut de gamme pour vos d\u00e9placements professionnels \u00e0 Marseille, Aix et en Provence. Confort, discr\u00e9tion et ponctualit\u00e9 garanties.","_seopress_robots_index":"","_et_pb_use_builder":"on","_et_pb_old_content":"<h3>Ponctualit\u00e9 | Disponibilit\u00e9 | Flexibilit\u00e9 | Discr\u00e9tion  | R\u00e9activit\u00e9<\/h3>\t\t\n\t\t\t<h1>TRANSPORT D'AFFAIRES A  MARSEILLE<\/h1>\t\t\n\t\t\t<h6>A votre disposition avec plaisir !<\/h6>\t\t\n\t\t\t<h3>+33(0) 491 337 409<\/h3>\t\t\n\t\t\t<a href=\"https:\/\/www.belleprovenceminibusdeluxe.com\/contact-reservation\/\">\n\t\t\t\t\t<\/a>\n\t\t<blockquote><p style=\"text-align: center;\">Cr\u00e9ez des opportunit\u00e9s d'Affaires ! Donnez de l'importance \u00e0 vos clients !<\/p><p style=\"text-align: center;\">S\u00e9duisez-les en faisant appel \u00e0 un Service de transport de personnes avec Chauffeur Priv\u00e9 !<\/p><\/blockquote>\t\t\n\t\t\t<h2>Une client\u00e8le d'Affaires fid\u00e8le , exigeante et de qualit\u00e9,  \u00e0 l'image de la qualit\u00e9 que nous souhaitons offrir \u00e0 nos clients     <\/h2>\t\t\n\t\t\t<h5>Nos Chauffeurs Priv\u00e9s pour tous vos  transports d'Affaires<\/h5>\t\t\n\t\t<p style=\"text-align: left;\">Nous sommes sp\u00e9cialis\u00e9s dans les <strong>services sur mesure de Transport de personnes avec Chauffeur Priv\u00e9<\/strong>,\u00a0 \u00e0 Marseille et en Provence, vers toutes les destinations.<\/p><p>Les chauffeurs de Belle Provence Minibus Deluxe <strong>transportent\u00a0 pour vous, vos clients, vos collaborateurs<\/strong> \u00a0en toute confiance et s\u00e9curit\u00e9 aussi bien \u00e0 Marseille, dans la R\u00e9gion Provence Alpes C\u00f4tes d'Azur que dans des zones plus \u00e9loign\u00e9es.<\/p><p>Ils effectuent des <strong>accueils personnalis\u00e9s<\/strong>\u00a0\"meet and greet\"<\/p><p>Nos chauffeurs suivent votre programme\u00a0 de rendez vous d'affaires et vous aident \u00e0 optimiser votre journ\u00e9e\u00a0 de rendez vous.<\/p>\t\t\n\t\t\t<h5>Nos Chauffeurs Priv\u00e9s r\u00e9alisent des missions d\u00e9licates<\/h5>\t\t\n\t\t<p style=\"text-align: left;\">Non seulement, ils r\u00e9alisent des mission avec escortes, transportent des personnalit\u00e9s, ministres, d\u00e9put\u00e9s etc, mais aussi, ils appliquent les codes de comportement : Discr\u00e9tion,\u00a0 courtoisie,\u00a0 ponctualit\u00e9.<\/p>\t\t\n\t\t\t\t\t\t\t\t\t\t\t\t<a tabindex=\"0\">NOS ACCUEILS  ET SERVICES PERSONNALIS\u00c9S<\/a>\n\t\t\t\t\t<p>Pour vos Voyages d&rsquo;Affaires, nous assurons, d&rsquo;une part des services avec chauffeur priv\u00e9 anglophones et d&rsquo;autres langues sur demande, et d&rsquo;autre part, un accueil personnalis\u00e9 \u00ab\u00a0Meet and Greet\u00a0\u00bb.\u00a0<\/p><p>Nous transportons non seulement vous mais aussi vos clients\u00a0 selon les rendez vous d&rsquo;affaires programm\u00e9s.\u00a0<\/p><ul><li>Transfert depuis ou vers votre h\u00f4tel,\u00a0 la Gare TGV\u00a0 Marseille St\u00a0 Charles ou d&rsquo;Aix en Provence.<\/li><li>Transfert depuis ou vers l&rsquo;A\u00e9roport Marseille-Provence et vers vos lieux de rendez vous.<\/li><\/ul><p>Pour prendre soin de vos clients, n&rsquo;h\u00e9sitez pas \u00e0 nous interroger sur nos services !<\/p>\n\t\t\t\t\t\t\t\t\t\t\t\t<a tabindex=\"0\">FAITES CONFIANCE \u00c0 NOTRE PROFESSIONNALISME<\/a>\n\t\t\t\t\t<p style=\"text-align: left;\">Faites confiance au professionnalisme de Belle Provence Minibus Deluxe !<\/p><p style=\"text-align: left;\">Votre interlocuteur privil\u00e9gi\u00e9, r\u00e9ellement soucieux de bien r\u00e9pondre \u00e0 votre demande de transport pour vos voyages d&rsquo;Affaires.<\/p><p>Durant la r\u00e9alisation de la mission, notre\u00a0 \u00e9coute de vos besoins nous permet non seulement une grande r\u00e9activit\u00e9 mais aussi de r\u00e9pondre \u00e0 tout changement de\u00a0 derni\u00e8re minute.<\/p><p style=\"text-align: left;\">Demandez-nous votre devis personnalis\u00e9\u00a0\u00a0<\/p>\n\t\t\t\t\t\t\t\t\t\t\t\t<a tabindex=\"0\"> NOTRE SAVOIR-FAIRE ET ANALYSE DE VOTRE DEMANDE<\/a>\n\t\t\t\t\t<p style=\"text-align: left;\">Notre savoir-faire pour vos transports d&rsquo;Affaires s&rsquo;appuie sur une longue exp\u00e9rience de plus de 20 ans qui nous a permis\u00a0 d&rsquo;\u00e9tablir un rapport de confiance avec nos clients.<\/p><p style=\"text-align: left;\">Nous faisons preuve d&rsquo;autant de r\u00e9activit\u00e9 que de souplesse de fonctionnement, d&rsquo;adaptabilit\u00e9, d&rsquo;\u00e9coute, de discr\u00e9tion et vous faisons b\u00e9n\u00e9ficier de notre exp\u00e9rience et de notre connaissance du terrain pour vous apporter le meilleur conseil en cas de besoin.<\/p><p style=\"text-align: left;\">\u00a0Le\u00a0 <em>Parlement Europ\u00e9en,\u00a0 de Hauts <strong style=\"font-size: 16px;\">\u00a0<\/strong>Cadres dirigeants d&rsquo;Entreprises priv\u00e9es et publiques nous ont renouvel\u00e9s leur confiance \u00e0 plusieurs reprises,\u00a0 depuis de nombreuses ann\u00e9es<\/em><\/p>\n\t\t\t<a href=\"https:\/\/www.belleprovenceminibusdeluxe.com\/contact-reservation\/\">\n\t\t\t\t\t\tInterrogez-nous\n\t\t\t\t\t<\/a>\n\t\t\t\t\t\t\t\t\t\t\t\t<figure>\n\t\t\t\t\t\t\t\t\t\t<img width=\"1920\" height=\"2560\" src=\"https:\/\/www.belleprovenceminibusdeluxe.com\/wp-content\/uploads\/2021\/11\/IMG_3171-scaled.jpg\" alt=\"Devant l&#039;hotel Dolce Fregate Chauffeur Priv\u00e9 et mini van de luxe en Provence pour d\u00e9placement d&#039;&#039;Affaires\" loading=\"lazy\" srcset=\"https:\/\/www.belleprovenceminibusdeluxe.com\/wp-content\/uploads\/2021\/11\/IMG_3171-scaled.jpg 1920w, https:\/\/www.belleprovenceminibusdeluxe.com\/wp-content\/uploads\/2021\/11\/IMG_3171-225x300.jpg 225w, https:\/\/www.belleprovenceminibusdeluxe.com\/wp-content\/uploads\/2021\/11\/IMG_3171-768x1024.jpg 768w, https:\/\/www.belleprovenceminibusdeluxe.com\/wp-content\/uploads\/2021\/11\/IMG_3171-1152x1536.jpg 1152w, https:\/\/www.belleprovenceminibusdeluxe.com\/wp-content\/uploads\/2021\/11\/IMG_3171-1536x2048.jpg 1536w\" sizes=\"(max-width: 1920px) 100vw, 1920px\" \/>\t\t\t\t\t\t\t\t\t\t\t<figcaption>Devant l'hotel Dolce Fregate Chauffeur Priv\u00e9 et mini van de luxe en Provence pour d\u00e9placement d''Affaires<\/figcaption>\n\t\t\t\t\t\t\t\t\t\t<\/figure>\n\t\t\t<h6>Marseille aujourd'hui !<\/h6>\t\t\n\t\t\t<h6>Avec son nouveau quartier d'affaires, v\u00e9ritable succ\u00e8s urbanistique, Marseille\u00a0 b\u00e9n\u00e9ficie d'un souffle nouveau.\nMarseille, la M\u00e9tropole Aix-Marseille,\u00a0 et la Provence attirent de plus en plus d\u2019hommes d'affaires et de Femmes d'Affaires fran\u00e7ais et \u00e9trangers.\u00a0<\/h6>\t\t\n\t\t<p>\u00e0 premi\u00e8re vue il est l\u00e0 mais \u00e0 bien consid\u00e9rer les choses il n'y est pas. soit oui soit non. tout d'abord il est l\u00e0 ensuite plus.<\/p>\t\t\n\t\t\t\t\t\t\t\t\t\t\t\t\t\t\t<img width=\"2560\" height=\"1707\" src=\"https:\/\/www.belleprovenceminibusdeluxe.com\/wp-content\/uploads\/2021\/11\/\u00a9-MuCEM-Photo-Diego-Ravier-R.-Ricciotti-et-R.-Carta-architectes-4-scaled.jpg\" alt=\"Chef d&#039;oeuvre d&#039;architecture \u00e0 Marseille, le MuCem Mus\u00e9e des civilisations Europ\u00e9ennes et M\u00e9diterran\u00e9ennes\" loading=\"lazy\" srcset=\"https:\/\/www.belleprovenceminibusdeluxe.com\/wp-content\/uploads\/2021\/11\/\u00a9-MuCEM-Photo-Diego-Ravier-R.-Ricciotti-et-R.-Carta-architectes-4-scaled.jpg 2560w, https:\/\/www.belleprovenceminibusdeluxe.com\/wp-content\/uploads\/2021\/11\/\u00a9-MuCEM-Photo-Diego-Ravier-R.-Ricciotti-et-R.-Carta-architectes-4-300x200.jpg 300w, https:\/\/www.belleprovenceminibusdeluxe.com\/wp-content\/uploads\/2021\/11\/\u00a9-MuCEM-Photo-Diego-Ravier-R.-Ricciotti-et-R.-Carta-architectes-4-1024x683.jpg 1024w, https:\/\/www.belleprovenceminibusdeluxe.com\/wp-content\/uploads\/2021\/11\/\u00a9-MuCEM-Photo-Diego-Ravier-R.-Ricciotti-et-R.-Carta-architectes-4-768x512.jpg 768w, https:\/\/www.belleprovenceminibusdeluxe.com\/wp-content\/uploads\/2021\/11\/\u00a9-MuCEM-Photo-Diego-Ravier-R.-Ricciotti-et-R.-Carta-architectes-4-1536x1024.jpg 1536w, https:\/\/www.belleprovenceminibusdeluxe.com\/wp-content\/uploads\/2021\/11\/\u00a9-MuCEM-Photo-Diego-Ravier-R.-Ricciotti-et-R.-Carta-architectes-4-2048x1365.jpg 2048w\" sizes=\"(max-width: 2560px) 100vw, 2560px\" \/>\t\t\t\t\t\t\t\t\t\t\t\t\t\t\t\n\t\t<p>Mucem - Marseille<\/p>\t\t\n\t\t\t<a href=\"https:\/\/www.belleprovenceminibusdeluxe.com\/contact-reservation\/\">\n\t\t\t\t\t\tInterrogez-nous\n\t\t\t\t\t<\/a>\n\t\t\t\t\t\t\t\t\t\t\t\t<figure>\n\t\t\t\t\t\t\t\t\t\t<img width=\"1920\" height=\"2560\" src=\"https:\/\/www.belleprovenceminibusdeluxe.com\/wp-content\/uploads\/2021\/11\/IMG_3171-scaled.jpg\" alt=\"Devant l&#039;hotel Dolce Fregate Chauffeur Priv\u00e9 et mini van de luxe en Provence pour d\u00e9placement d&#039;&#039;Affaires\" loading=\"lazy\" srcset=\"https:\/\/www.belleprovenceminibusdeluxe.com\/wp-content\/uploads\/2021\/11\/IMG_3171-scaled.jpg 1920w, https:\/\/www.belleprovenceminibusdeluxe.com\/wp-content\/uploads\/2021\/11\/IMG_3171-225x300.jpg 225w, https:\/\/www.belleprovenceminibusdeluxe.com\/wp-content\/uploads\/2021\/11\/IMG_3171-768x1024.jpg 768w, https:\/\/www.belleprovenceminibusdeluxe.com\/wp-content\/uploads\/2021\/11\/IMG_3171-1152x1536.jpg 1152w, https:\/\/www.belleprovenceminibusdeluxe.com\/wp-content\/uploads\/2021\/11\/IMG_3171-1536x2048.jpg 1536w\" sizes=\"(max-width: 1920px) 100vw, 1920px\" \/>\t\t\t\t\t\t\t\t\t\t\t<figcaption>Devant l'hotel Dolce Fregate Chauffeur Priv\u00e9 et mini van de luxe en Provence pour d\u00e9placement d''Affaires<\/figcaption>\n\t\t\t\t\t\t\t\t\t\t<\/figure>\n\t\t\t<h3>S\u00e9r\u00e9nit\u00e9, Confort, Efficacit\u00e9 !<\/h3>\t\t\n\t\t<p style=\"text-align: center;\">Homme ou Femme d'Affaire, Entreprise, Agence de Voyage et d'Affaires,<br \/>Interrogez-nous !<\/p><p style=\"text-align: center;\">\u00a0Nous adaptons nos transports priv\u00e9s avec chauffeur \u00e0 votre demande et vos besoins.<\/p>\t\t\n\t\t\t<a href=\"https:\/\/www.belleprovenceminibusdeluxe.com\/contact-reservation\/\">\n\t\t\t\t\t\tInterrogez-nous\n\t\t\t\t\t<\/a>\n\t\t<ul><li style=\"text-align: left;\">Apr\u00e8s \u00e9tude de votre demande, nous nous permettons de vous faire des suggestions si n\u00e9cessaires, quand vous nous le demandez.<\/li><li style=\"text-align: left;\">Nous accueillons vos clients pour vous de jour et de nuit et nous r\u00e9alisons des accueils personnalis\u00e9s.<\/li><li style=\"text-align: left;\">Nous ne mettons aucune limite territoriale et\u00a0 de temps.\u00a0<\/li><li style=\"text-align: left;\">Vous pouvez\u00a0 choisir des\u00a0 combin\u00e9s Transfert &amp; business &amp; tourisme pour accueillir votre client par un\u00a0 transfert associ\u00e9 avec quelques heures de visite.<\/li><\/ul><p style=\"padding-left: 40px; text-align: left;\"><strong>Nous nous occupons de vos clients pour vous.<\/strong><\/p><p>\u00a0<\/p><p>\u00a0<\/p><p>\u00a0<\/p><p>\u00a0<\/p>\t\t\n\t\t\t<a href=\"https:\/\/www.belleprovenceminibusdeluxe.com\/contact-reservation\/\">\n\t\t\t\t\t\tInterrogez-nous\n\t\t\t\t\t<\/a>\n\t\t\t<h3>Label Esprit client\n<\/h3>\t\t\n\t\t\t\t\t\t\t\t\t\t\t\t\t\t\t<img width=\"1960\" height=\"536\" src=\"https:\/\/www.belleprovenceminibusdeluxe.com\/wp-content\/uploads\/2021\/10\/logo8bis-Esprit-client.jpg\" alt=\"Label Esprit client\" loading=\"lazy\" srcset=\"https:\/\/www.belleprovenceminibusdeluxe.com\/wp-content\/uploads\/2021\/10\/logo8bis-Esprit-client.jpg 1960w, https:\/\/www.belleprovenceminibusdeluxe.com\/wp-content\/uploads\/2021\/10\/logo8bis-Esprit-client-300x82.jpg 300w, https:\/\/www.belleprovenceminibusdeluxe.com\/wp-content\/uploads\/2021\/10\/logo8bis-Esprit-client-1024x280.jpg 1024w, https:\/\/www.belleprovenceminibusdeluxe.com\/wp-content\/uploads\/2021\/10\/logo8bis-Esprit-client-768x210.jpg 768w, https:\/\/www.belleprovenceminibusdeluxe.com\/wp-content\/uploads\/2021\/10\/logo8bis-Esprit-client-1536x420.jpg 1536w\" sizes=\"(max-width: 1960px) 100vw, 1960px\" \/>\t\t\t\t\t\t\t\t\t\t\t\t\t\t\t\n\t\t\t<h3>Label Pr\u00e9f\u00e9rence Provence\n<\/h3>\t\t\n\t\t\t\t\t\t\t\t\t\t\t\t\t\t\t<img width=\"593\" height=\"593\" src=\"https:\/\/www.belleprovenceminibusdeluxe.com\/wp-content\/uploads\/2021\/06\/Logo_Preference_Provence.png\" alt=\"\" loading=\"lazy\" srcset=\"https:\/\/www.belleprovenceminibusdeluxe.com\/wp-content\/uploads\/2021\/06\/Logo_Preference_Provence.png 593w, https:\/\/www.belleprovenceminibusdeluxe.com\/wp-content\/uploads\/2021\/06\/Logo_Preference_Provence-300x300.png 300w, https:\/\/www.belleprovenceminibusdeluxe.com\/wp-content\/uploads\/2021\/06\/Logo_Preference_Provence-150x150.png 150w, https:\/\/www.belleprovenceminibusdeluxe.com\/wp-content\/uploads\/2021\/06\/Logo_Preference_Provence-100x100.png 100w\" sizes=\"(max-width: 593px) 100vw, 593px\" \/>\t\t\t\t\t\t\t\t\t\t\t\t\t\t\t\n\t\t<h6 style=\"text-align: center;\">Belle Provence Minibus Deluxe est tr\u00e8s fi\u00e8re de se voir d\u00e9cerner le label \"Pr\u00e9f\u00e9rence Provence\" d\u00e9livr\u00e9 par Provence Tourisme.<\/h6><h6 style=\"text-align: center;\">Il confirme notre place d'expert du Territoire Proven\u00e7al dans nos services de transport avec chauffeur priv\u00e9, Transferts de porte \u00e0 porte avec accueil personnalis\u00e9,\u00a0 mises \u00e0 disposition, en toute s\u00e9curit\u00e9\u00a0 et discr\u00e9tion. Mais aussi pour la qualit\u00e9 de nos excursions et s\u00e9jours Gastronomie, nature culture et traditions, avec guide-chauffeur et guide-conf\u00e9rencier vous plongent dans la Provence authentique, bien s\u00fbr en toute\u00a0 convivialit\u00e9\u00a0 !<\/h6><p style=\"text-align: center;\"><em>Il vous manque des informations sur notre nouveau site internet ? N'h\u00e9sitez pas \u00e0 revenir vers nous et \u00e0 nous en faire part.<\/em>\u00a0<\/p>","_et_gb_content_width":"","footnotes":""},"class_list":["post-13123","page","type-page","status-publish","has-post-thumbnail","hentry"],"_links":{"self":[{"href":"https:\/\/www.belleprovenceminibusdeluxe.com\/en\/wp-json\/wp\/v2\/pages\/13123","targetHints":{"allow":["GET"]}}],"collection":[{"href":"https:\/\/www.belleprovenceminibusdeluxe.com\/en\/wp-json\/wp\/v2\/pages"}],"about":[{"href":"https:\/\/www.belleprovenceminibusdeluxe.com\/en\/wp-json\/wp\/v2\/types\/page"}],"author":[{"embeddable":true,"href":"https:\/\/www.belleprovenceminibusdeluxe.com\/en\/wp-json\/wp\/v2\/users\/1"}],"replies":[{"embeddable":true,"href":"https:\/\/www.belleprovenceminibusdeluxe.com\/en\/wp-json\/wp\/v2\/comments?post=13123"}],"version-history":[{"count":0,"href":"https:\/\/www.belleprovenceminibusdeluxe.com\/en\/wp-json\/wp\/v2\/pages\/13123\/revisions"}],"wp:featuredmedia":[{"embeddable":true,"href":"https:\/\/www.belleprovenceminibusdeluxe.com\/en\/wp-json\/wp\/v2\/media\/16561"}],"wp:attachment":[{"href":"https:\/\/www.belleprovenceminibusdeluxe.com\/en\/wp-json\/wp\/v2\/media?parent=13123"}],"curies":[{"name":"wp","href":"https:\/\/api.w.org\/{rel}","templated":true}]}}